{"id":347,"date":"2024-12-04T14:53:45","date_gmt":"2024-12-04T13:53:45","guid":{"rendered":"https:\/\/adventsfenster.auf-bergheim.de\/?page_id=347"},"modified":"2025-11-10T21:30:51","modified_gmt":"2025-11-10T20:30:51","slug":"adventsfenster-2024","status":"publish","type":"page","link":"https:\/\/adventsfenster.auf-bergheim.de\/?page_id=347","title":{"rendered":"Adventsfenster 2024"},"content":{"rendered":"\n<p>Das Adventsfenster \u00f6ffnet sich an jedem Tag um <strong>18.30 Uhr<\/strong> <strong>(au\u00dfer am 02., 09. &amp; 24.12.)<\/strong>.<\/p>\n\n\n\n<p>Wer im n\u00e4chsten Jahr ein Fenster \u00fcbernehmen oder einfach nur helfen m\u00f6chte, kann sich gerne jederzeit bei uns melden (auch au\u00dferhalb der Adventszeit) oder unverbindlich folgende Umfrage ausf\u00fcllen: <a href=\"https:\/\/forms.office.com\/e\/Af21fTwTCS\">https:\/\/forms.office.com\/e\/Af21fTwTCS<\/a><\/p>\n\n\n\n<div class=\"wp-block-group is-content-justification-space-between is-nowrap is-layout-flex wp-container-core-group-is-layout-cb46ffcb wp-block-group-is-layout-flex\">\n<div class=\"wp-block-group has-global-padding is-layout-constrained wp-block-group-is-layout-constrained\">\n<div class=\"wp-block-columns is-layout-flex wp-container-core-columns-is-layout-28f84493 wp-block-columns-is-layout-flex\">\n<div class=\"wp-block-column is-layout-flow wp-block-column-is-layout-flow\" style=\"flex-basis:100%\">\n<figure class=\"wp-block-table\"><table class=\"has-fixed-layout\"><tbody><tr><td class=\"has-text-align-center\" data-align=\"center\"><\/td><td class=\"has-text-align-center\" data-align=\"center\">Name<\/td><td class=\"has-text-align-center\" data-align=\"center\">Adresse<\/td><\/tr><tr><td class=\"has-text-align-center\" data-align=\"center\">01.12.2024<\/td><td class=\"has-text-align-center\" data-align=\"center\">Fam. Pahlke-Demmig<\/td><td class=\"has-text-align-center\" data-align=\"center\">Hugo-Bremer-Weg 8<\/td><\/tr><tr><td class=\"has-text-align-center\" data-align=\"center\">02.12.2024 <strong>(17.30 Uhr)<\/strong><\/td><td class=\"has-text-align-center\" data-align=\"center\">KiTa Sonnenhof<\/td><td class=\"has-text-align-center\" data-align=\"center\">Bergheimer Weg 24<\/td><\/tr><tr><td class=\"has-text-align-center\" data-align=\"center\">03.12.2024<\/td><td class=\"has-text-align-center\" data-align=\"center\">&#8212;<\/td><td class=\"has-text-align-center\" data-align=\"center\">&#8212;<\/td><\/tr><tr><td class=\"has-text-align-center\" data-align=\"center\">04.12.2024<\/td><td class=\"has-text-align-center\" data-align=\"center\">Fam. G\u00e4ngler<\/td><td class=\"has-text-align-center\" data-align=\"center\">Albertweg 22<\/td><\/tr><tr><td class=\"has-text-align-center\" data-align=\"center\">05.12.2024<\/td><td class=\"has-text-align-center\" data-align=\"center\">Bergheimer Hof by Stars Events<\/td><td class=\"has-text-align-center\" data-align=\"center\">Bachumer Weg 2<\/td><\/tr><tr><td class=\"has-text-align-center\" data-align=\"center\">06.12.2024<\/td><td class=\"has-text-align-center\" data-align=\"center\">Fam. Keweloh<\/td><td class=\"has-text-align-center\" data-align=\"center\">Wesehof 21<\/td><\/tr><tr><td class=\"has-text-align-center\" data-align=\"center\">07.12.2024<\/td><td class=\"has-text-align-center\" data-align=\"center\">Fam. Deckers<\/td><td class=\"has-text-align-center\" data-align=\"center\">Wesehof 7<\/td><\/tr><tr><td class=\"has-text-align-center\" data-align=\"center\">08.12.2024<\/td><td class=\"has-text-align-center\" data-align=\"center\">Fam. Jaeger<\/td><td class=\"has-text-align-center\" data-align=\"center\">R\u00f6ntgenstr. 12<\/td><\/tr><tr><td class=\"has-text-align-center\" data-align=\"center\">09.12.2024 <strong>(18.00 Uhr)<\/strong><\/td><td class=\"has-text-align-center\" data-align=\"center\">Kinderkirche<\/td><td class=\"has-text-align-center\" data-align=\"center\">Am Knapp 5<\/td><\/tr><tr><td class=\"has-text-align-center\" data-align=\"center\">10.12.2024<\/td><td class=\"has-text-align-center\" data-align=\"center\">Fam. Sander<\/td><td class=\"has-text-align-center\" data-align=\"center\">Anton-Schade-Weg 32<\/td><\/tr><tr><td class=\"has-text-align-center\" data-align=\"center\">11.12.2024<\/td><td class=\"has-text-align-center\" data-align=\"center\">Fam. Busche<\/td><td class=\"has-text-align-center\" data-align=\"center\">Sleperhof 12<\/td><\/tr><tr><td class=\"has-text-align-center\" data-align=\"center\">12.12.2024<\/td><td class=\"has-text-align-center\" data-align=\"center\">Grundschule Bergheim<\/td><td class=\"has-text-align-center\" data-align=\"center\">Marienstr. 1<\/td><\/tr><tr><td class=\"has-text-align-center\" data-align=\"center\">13.12.2024<\/td><td class=\"has-text-align-center\" data-align=\"center\">Fam. Kuhle<\/td><td class=\"has-text-align-center\" data-align=\"center\">Sleperstr. 20 (Lernakademie)<\/td><\/tr><tr><td class=\"has-text-align-center\" data-align=\"center\">14.12.2024<\/td><td class=\"has-text-align-center\" data-align=\"center\">Fam. Greve<\/td><td class=\"has-text-align-center\" data-align=\"center\">Wesehof 9<\/td><\/tr><tr><td class=\"has-text-align-center\" data-align=\"center\">15.12.2024<\/td><td class=\"has-text-align-center\" data-align=\"center\">Kommunionkinder<\/td><td class=\"has-text-align-center\" data-align=\"center\">Widukindstr. 4, Pfarrheim<\/td><\/tr><tr><td class=\"has-text-align-center\" data-align=\"center\">16.12.2024<\/td><td class=\"has-text-align-center\" data-align=\"center\">Fam. Guzman<\/td><td class=\"has-text-align-center\" data-align=\"center\">Landwehr 4<\/td><\/tr><tr><td class=\"has-text-align-center\" data-align=\"center\">17.12.2024<\/td><td class=\"has-text-align-center\" data-align=\"center\">Kirchenchor<\/td><td class=\"has-text-align-center\" data-align=\"center\">Widukindstr. 4, Pfarrheim<\/td><\/tr><tr><td class=\"has-text-align-center\" data-align=\"center\">18.12.2024<\/td><td class=\"has-text-align-center\" data-align=\"center\">Fam. Vedder<\/td><td class=\"has-text-align-center\" data-align=\"center\">Kardinal-Jaeger-Str. 19<\/td><\/tr><tr><td class=\"has-text-align-center\" data-align=\"center\">19.12.2024<\/td><td class=\"has-text-align-center\" data-align=\"center\">Fam. Morgenbrod\/Wahl<\/td><td class=\"has-text-align-center\" data-align=\"center\">Schmidt-Scholl-Weg 1a<\/td><\/tr><tr><td class=\"has-text-align-center\" data-align=\"center\">20.12.2024<\/td><td class=\"has-text-align-center\" data-align=\"center\">Fam. Kneer<\/td><td class=\"has-text-align-center\" data-align=\"center\">Werdener Hof 2<\/td><\/tr><tr><td class=\"has-text-align-center\" data-align=\"center\">21.12.2024<\/td><td class=\"has-text-align-center\" data-align=\"center\">Fam. Schr\u00f6der<\/td><td class=\"has-text-align-center\" data-align=\"center\">Auf dem Bruch 42<\/td><\/tr><tr><td class=\"has-text-align-center\" data-align=\"center\">22.12.2024<\/td><td class=\"has-text-align-center\" data-align=\"center\">Fam. Lex<\/td><td class=\"has-text-align-center\" data-align=\"center\">Dreihausener Weg 32<\/td><\/tr><tr><td class=\"has-text-align-center\" data-align=\"center\">23.12.2024<\/td><td class=\"has-text-align-center\" data-align=\"center\">Fam. Hieronymus<\/td><td class=\"has-text-align-center\" data-align=\"center\">Kardinal-Jaeger-Str. 10a<\/td><\/tr><tr><td class=\"has-text-align-center\" data-align=\"center\">24.12.2024 <strong>(11.00 Uhr)<\/strong><\/td><td class=\"has-text-align-center\" data-align=\"center\">Kl\u00e4ppchenlauf<\/td><td class=\"has-text-align-center\" data-align=\"center\">Treffpunkt: St. Joseph Kirche<\/td><\/tr><tr><td class=\"has-text-align-center\" data-align=\"center\">24.12.2024 <strong>(15.00 Uhr)<\/strong><\/td><td class=\"has-text-align-center\" data-align=\"center\">Krippenfeier<\/td><td class=\"has-text-align-center\" data-align=\"center\">St. Joseph Kirche<\/td><\/tr><\/tbody><\/table><\/figure>\n<\/div>\n<\/div>\n<\/div>\n<\/div>\n\n\n\n<div class=\"wp-block-group has-global-padding is-layout-constrained wp-block-group-is-layout-constrained\">\n<figure class=\"wp-block-gallery has-nested-images columns-default is-cropped wp-block-gallery-1 is-layout-flex wp-block-gallery-is-layout-flex\">\n<figure class=\"wp-block-image size-large\"><img loading=\"lazy\" decoding=\"async\" width=\"1024\" height=\"768\" data-id=\"353\" src=\"https:\/\/adventsfenster.auf-bergheim.de\/wp-content\/uploads\/2024\/12\/Nr.-1-Fam.-Pahlke-Demmig-1024x768.jpg\" alt=\"\" class=\"wp-image-353\" srcset=\"https:\/\/adventsfenster.auf-bergheim.de\/wp-content\/uploads\/2024\/12\/Nr.-1-Fam.-Pahlke-Demmig-1024x768.jpg 1024w, https:\/\/adventsfenster.auf-bergheim.de\/wp-content\/uploads\/2024\/12\/Nr.-1-Fam.-Pahlke-Demmig-300x225.jpg 300w, https:\/\/adventsfenster.auf-bergheim.de\/wp-content\/uploads\/2024\/12\/Nr.-1-Fam.-Pahlke-Demmig-768x576.jpg 768w, https:\/\/adventsfenster.auf-bergheim.de\/wp-content\/uploads\/2024\/12\/Nr.-1-Fam.-Pahlke-Demmig-1536x1152.jpg 1536w, https:\/\/adventsfenster.auf-bergheim.de\/wp-content\/uploads\/2024\/12\/Nr.-1-Fam.-Pahlke-Demmig.jpg 2048w\" sizes=\"auto, (max-width: 1024px) 100vw, 1024px\" \/><\/figure>\n\n\n\n<figure class=\"wp-block-image size-large\"><img loading=\"lazy\" decoding=\"async\" width=\"1024\" height=\"768\" data-id=\"348\" src=\"https:\/\/adventsfenster.auf-bergheim.de\/wp-content\/uploads\/2024\/12\/Nr.-2-KiTa-1024x768.jpg\" alt=\"\" class=\"wp-image-348\" srcset=\"https:\/\/adventsfenster.auf-bergheim.de\/wp-content\/uploads\/2024\/12\/Nr.-2-KiTa-1024x768.jpg 1024w, https:\/\/adventsfenster.auf-bergheim.de\/wp-content\/uploads\/2024\/12\/Nr.-2-KiTa-300x225.jpg 300w, https:\/\/adventsfenster.auf-bergheim.de\/wp-content\/uploads\/2024\/12\/Nr.-2-KiTa-768x576.jpg 768w, https:\/\/adventsfenster.auf-bergheim.de\/wp-content\/uploads\/2024\/12\/Nr.-2-KiTa-1536x1152.jpg 1536w, https:\/\/adventsfenster.auf-bergheim.de\/wp-content\/uploads\/2024\/12\/Nr.-2-KiTa.jpg 1600w\" sizes=\"auto, (max-width: 1024px) 100vw, 1024px\" \/><\/figure>\n\n\n\n<figure class=\"wp-block-image size-large\"><img loading=\"lazy\" decoding=\"async\" width=\"1024\" height=\"768\" data-id=\"354\" src=\"https:\/\/adventsfenster.auf-bergheim.de\/wp-content\/uploads\/2024\/12\/Nr.-4-Fam.-Gaengler-1024x768.jpg\" alt=\"\" class=\"wp-image-354\" srcset=\"https:\/\/adventsfenster.auf-bergheim.de\/wp-content\/uploads\/2024\/12\/Nr.-4-Fam.-Gaengler-1024x768.jpg 1024w, https:\/\/adventsfenster.auf-bergheim.de\/wp-content\/uploads\/2024\/12\/Nr.-4-Fam.-Gaengler-300x225.jpg 300w, https:\/\/adventsfenster.auf-bergheim.de\/wp-content\/uploads\/2024\/12\/Nr.-4-Fam.-Gaengler-768x576.jpg 768w, https:\/\/adventsfenster.auf-bergheim.de\/wp-content\/uploads\/2024\/12\/Nr.-4-Fam.-Gaengler-1536x1152.jpg 1536w, https:\/\/adventsfenster.auf-bergheim.de\/wp-content\/uploads\/2024\/12\/Nr.-4-Fam.-Gaengler.jpg 1600w\" sizes=\"auto, (max-width: 1024px) 100vw, 1024px\" \/><\/figure>\n\n\n\n<figure class=\"wp-block-image size-large\"><img loading=\"lazy\" decoding=\"async\" width=\"768\" height=\"1024\" data-id=\"355\" src=\"https:\/\/adventsfenster.auf-bergheim.de\/wp-content\/uploads\/2024\/12\/Nr.-5-Bergheimer-Hof-768x1024.jpg\" alt=\"\" class=\"wp-image-355\" srcset=\"https:\/\/adventsfenster.auf-bergheim.de\/wp-content\/uploads\/2024\/12\/Nr.-5-Bergheimer-Hof-768x1024.jpg 768w, https:\/\/adventsfenster.auf-bergheim.de\/wp-content\/uploads\/2024\/12\/Nr.-5-Bergheimer-Hof-225x300.jpg 225w, https:\/\/adventsfenster.auf-bergheim.de\/wp-content\/uploads\/2024\/12\/Nr.-5-Bergheimer-Hof-1152x1536.jpg 1152w, https:\/\/adventsfenster.auf-bergheim.de\/wp-content\/uploads\/2024\/12\/Nr.-5-Bergheimer-Hof.jpg 1200w\" sizes=\"auto, (max-width: 768px) 100vw, 768px\" \/><\/figure>\n\n\n\n<figure class=\"wp-block-image size-large\"><img loading=\"lazy\" decoding=\"async\" width=\"768\" height=\"1024\" data-id=\"356\" src=\"https:\/\/adventsfenster.auf-bergheim.de\/wp-content\/uploads\/2024\/12\/Nr.-6-Fam.-Keweloh-768x1024.jpg\" alt=\"\" class=\"wp-image-356\" srcset=\"https:\/\/adventsfenster.auf-bergheim.de\/wp-content\/uploads\/2024\/12\/Nr.-6-Fam.-Keweloh-768x1024.jpg 768w, https:\/\/adventsfenster.auf-bergheim.de\/wp-content\/uploads\/2024\/12\/Nr.-6-Fam.-Keweloh-225x300.jpg 225w, https:\/\/adventsfenster.auf-bergheim.de\/wp-content\/uploads\/2024\/12\/Nr.-6-Fam.-Keweloh-1152x1536.jpg 1152w, https:\/\/adventsfenster.auf-bergheim.de\/wp-content\/uploads\/2024\/12\/Nr.-6-Fam.-Keweloh.jpg 1200w\" sizes=\"auto, (max-width: 768px) 100vw, 768px\" \/><\/figure>\n\n\n\n<figure class=\"wp-block-image size-large\"><img loading=\"lazy\" decoding=\"async\" width=\"768\" height=\"1024\" data-id=\"358\" src=\"https:\/\/adventsfenster.auf-bergheim.de\/wp-content\/uploads\/2024\/12\/Nr.-7-Fam.-Deckers-768x1024.jpg\" alt=\"\" class=\"wp-image-358\" srcset=\"https:\/\/adventsfenster.auf-bergheim.de\/wp-content\/uploads\/2024\/12\/Nr.-7-Fam.-Deckers-768x1024.jpg 768w, https:\/\/adventsfenster.auf-bergheim.de\/wp-content\/uploads\/2024\/12\/Nr.-7-Fam.-Deckers-225x300.jpg 225w, https:\/\/adventsfenster.auf-bergheim.de\/wp-content\/uploads\/2024\/12\/Nr.-7-Fam.-Deckers-1152x1536.jpg 1152w, https:\/\/adventsfenster.auf-bergheim.de\/wp-content\/uploads\/2024\/12\/Nr.-7-Fam.-Deckers.jpg 1200w\" sizes=\"auto, (max-width: 768px) 100vw, 768px\" \/><\/figure>\n\n\n\n<figure class=\"wp-block-image size-large\"><img loading=\"lazy\" decoding=\"async\" width=\"1024\" height=\"768\" data-id=\"359\" src=\"https:\/\/adventsfenster.auf-bergheim.de\/wp-content\/uploads\/2024\/12\/Nr.-8-Fam.-Jaeger-1024x768.jpg\" alt=\"\" class=\"wp-image-359\" srcset=\"https:\/\/adventsfenster.auf-bergheim.de\/wp-content\/uploads\/2024\/12\/Nr.-8-Fam.-Jaeger-1024x768.jpg 1024w, https:\/\/adventsfenster.auf-bergheim.de\/wp-content\/uploads\/2024\/12\/Nr.-8-Fam.-Jaeger-300x225.jpg 300w, https:\/\/adventsfenster.auf-bergheim.de\/wp-content\/uploads\/2024\/12\/Nr.-8-Fam.-Jaeger-768x576.jpg 768w, https:\/\/adventsfenster.auf-bergheim.de\/wp-content\/uploads\/2024\/12\/Nr.-8-Fam.-Jaeger-1536x1152.jpg 1536w, https:\/\/adventsfenster.auf-bergheim.de\/wp-content\/uploads\/2024\/12\/Nr.-8-Fam.-Jaeger.jpg 1600w\" sizes=\"auto, (max-width: 1024px) 100vw, 1024px\" \/><\/figure>\n\n\n\n<figure class=\"wp-block-image size-large\"><img loading=\"lazy\" decoding=\"async\" width=\"768\" height=\"1024\" data-id=\"361\" src=\"https:\/\/adventsfenster.auf-bergheim.de\/wp-content\/uploads\/2024\/12\/Nr.-9-Kinderkirche-768x1024.jpg\" alt=\"\" class=\"wp-image-361\" srcset=\"https:\/\/adventsfenster.auf-bergheim.de\/wp-content\/uploads\/2024\/12\/Nr.-9-Kinderkirche-768x1024.jpg 768w, https:\/\/adventsfenster.auf-bergheim.de\/wp-content\/uploads\/2024\/12\/Nr.-9-Kinderkirche-225x300.jpg 225w, https:\/\/adventsfenster.auf-bergheim.de\/wp-content\/uploads\/2024\/12\/Nr.-9-Kinderkirche-1152x1536.jpg 1152w, https:\/\/adventsfenster.auf-bergheim.de\/wp-content\/uploads\/2024\/12\/Nr.-9-Kinderkirche.jpg 1536w\" sizes=\"auto, (max-width: 768px) 100vw, 768px\" \/><\/figure>\n\n\n\n<figure class=\"wp-block-image size-large\"><img loading=\"lazy\" decoding=\"async\" width=\"768\" height=\"1024\" data-id=\"362\" src=\"https:\/\/adventsfenster.auf-bergheim.de\/wp-content\/uploads\/2024\/12\/Nr.-10-Fam.-Sander-768x1024.jpg\" alt=\"\" class=\"wp-image-362\" srcset=\"https:\/\/adventsfenster.auf-bergheim.de\/wp-content\/uploads\/2024\/12\/Nr.-10-Fam.-Sander-768x1024.jpg 768w, https:\/\/adventsfenster.auf-bergheim.de\/wp-content\/uploads\/2024\/12\/Nr.-10-Fam.-Sander-225x300.jpg 225w, https:\/\/adventsfenster.auf-bergheim.de\/wp-content\/uploads\/2024\/12\/Nr.-10-Fam.-Sander-1152x1536.jpg 1152w, https:\/\/adventsfenster.auf-bergheim.de\/wp-content\/uploads\/2024\/12\/Nr.-10-Fam.-Sander.jpg 1200w\" sizes=\"auto, (max-width: 768px) 100vw, 768px\" \/><\/figure>\n\n\n\n<figure class=\"wp-block-image size-large\"><img loading=\"lazy\" decoding=\"async\" width=\"1024\" height=\"768\" data-id=\"365\" src=\"https:\/\/adventsfenster.auf-bergheim.de\/wp-content\/uploads\/2024\/12\/2d6d197e-bfbb-4789-887c-ede1d5947e14-1024x768.jpeg\" alt=\"\" class=\"wp-image-365\" srcset=\"https:\/\/adventsfenster.auf-bergheim.de\/wp-content\/uploads\/2024\/12\/2d6d197e-bfbb-4789-887c-ede1d5947e14-1024x768.jpeg 1024w, https:\/\/adventsfenster.auf-bergheim.de\/wp-content\/uploads\/2024\/12\/2d6d197e-bfbb-4789-887c-ede1d5947e14-300x225.jpeg 300w, https:\/\/adventsfenster.auf-bergheim.de\/wp-content\/uploads\/2024\/12\/2d6d197e-bfbb-4789-887c-ede1d5947e14-768x576.jpeg 768w, https:\/\/adventsfenster.auf-bergheim.de\/wp-content\/uploads\/2024\/12\/2d6d197e-bfbb-4789-887c-ede1d5947e14-1536x1152.jpeg 1536w, https:\/\/adventsfenster.auf-bergheim.de\/wp-content\/uploads\/2024\/12\/2d6d197e-bfbb-4789-887c-ede1d5947e14.jpeg 2048w\" sizes=\"auto, (max-width: 1024px) 100vw, 1024px\" \/><\/figure>\n\n\n\n<figure class=\"wp-block-image size-large\"><img loading=\"lazy\" decoding=\"async\" width=\"1024\" height=\"768\" data-id=\"368\" src=\"https:\/\/adventsfenster.auf-bergheim.de\/wp-content\/uploads\/2024\/12\/IMG_6451-1024x768.jpeg\" alt=\"\" class=\"wp-image-368\" srcset=\"https:\/\/adventsfenster.auf-bergheim.de\/wp-content\/uploads\/2024\/12\/IMG_6451-1024x768.jpeg 1024w, https:\/\/adventsfenster.auf-bergheim.de\/wp-content\/uploads\/2024\/12\/IMG_6451-300x225.jpeg 300w, https:\/\/adventsfenster.auf-bergheim.de\/wp-content\/uploads\/2024\/12\/IMG_6451-768x576.jpeg 768w, https:\/\/adventsfenster.auf-bergheim.de\/wp-content\/uploads\/2024\/12\/IMG_6451-1536x1152.jpeg 1536w, https:\/\/adventsfenster.auf-bergheim.de\/wp-content\/uploads\/2024\/12\/IMG_6451-2048x1536.jpeg 2048w\" sizes=\"auto, (max-width: 1024px) 100vw, 1024px\" \/><\/figure>\n\n\n\n<figure class=\"wp-block-image size-large\"><img loading=\"lazy\" decoding=\"async\" width=\"1024\" height=\"576\" data-id=\"369\" src=\"https:\/\/adventsfenster.auf-bergheim.de\/wp-content\/uploads\/2024\/12\/29454a26-4deb-48e7-a60e-6c9ccc615226-1024x576.jpeg\" alt=\"\" class=\"wp-image-369\" srcset=\"https:\/\/adventsfenster.auf-bergheim.de\/wp-content\/uploads\/2024\/12\/29454a26-4deb-48e7-a60e-6c9ccc615226-1024x576.jpeg 1024w, https:\/\/adventsfenster.auf-bergheim.de\/wp-content\/uploads\/2024\/12\/29454a26-4deb-48e7-a60e-6c9ccc615226-300x169.jpeg 300w, https:\/\/adventsfenster.auf-bergheim.de\/wp-content\/uploads\/2024\/12\/29454a26-4deb-48e7-a60e-6c9ccc615226-768x432.jpeg 768w, https:\/\/adventsfenster.auf-bergheim.de\/wp-content\/uploads\/2024\/12\/29454a26-4deb-48e7-a60e-6c9ccc615226-1536x864.jpeg 1536w, https:\/\/adventsfenster.auf-bergheim.de\/wp-content\/uploads\/2024\/12\/29454a26-4deb-48e7-a60e-6c9ccc615226.jpeg 2048w\" sizes=\"auto, (max-width: 1024px) 100vw, 1024px\" \/><\/figure>\n\n\n\n<figure class=\"wp-block-image size-large\"><img loading=\"lazy\" decoding=\"async\" width=\"768\" height=\"1024\" data-id=\"370\" src=\"https:\/\/adventsfenster.auf-bergheim.de\/wp-content\/uploads\/2024\/12\/IMG_6457-768x1024.jpeg\" alt=\"\" class=\"wp-image-370\" srcset=\"https:\/\/adventsfenster.auf-bergheim.de\/wp-content\/uploads\/2024\/12\/IMG_6457-768x1024.jpeg 768w, https:\/\/adventsfenster.auf-bergheim.de\/wp-content\/uploads\/2024\/12\/IMG_6457-225x300.jpeg 225w, https:\/\/adventsfenster.auf-bergheim.de\/wp-content\/uploads\/2024\/12\/IMG_6457-1152x1536.jpeg 1152w, https:\/\/adventsfenster.auf-bergheim.de\/wp-content\/uploads\/2024\/12\/IMG_6457-1536x2048.jpeg 1536w, https:\/\/adventsfenster.auf-bergheim.de\/wp-content\/uploads\/2024\/12\/IMG_6457-scaled.jpeg 1920w\" sizes=\"auto, (max-width: 768px) 100vw, 768px\" \/><\/figure>\n\n\n\n<figure class=\"wp-block-image size-large\"><img loading=\"lazy\" decoding=\"async\" width=\"768\" height=\"1024\" data-id=\"371\" src=\"https:\/\/adventsfenster.auf-bergheim.de\/wp-content\/uploads\/2024\/12\/cb84b49d-c3ca-4642-a7fb-93682636ba89-768x1024.jpeg\" alt=\"\" class=\"wp-image-371\" srcset=\"https:\/\/adventsfenster.auf-bergheim.de\/wp-content\/uploads\/2024\/12\/cb84b49d-c3ca-4642-a7fb-93682636ba89-768x1024.jpeg 768w, https:\/\/adventsfenster.auf-bergheim.de\/wp-content\/uploads\/2024\/12\/cb84b49d-c3ca-4642-a7fb-93682636ba89-225x300.jpeg 225w, https:\/\/adventsfenster.auf-bergheim.de\/wp-content\/uploads\/2024\/12\/cb84b49d-c3ca-4642-a7fb-93682636ba89-1152x1536.jpeg 1152w, https:\/\/adventsfenster.auf-bergheim.de\/wp-content\/uploads\/2024\/12\/cb84b49d-c3ca-4642-a7fb-93682636ba89.jpeg 1512w\" sizes=\"auto, (max-width: 768px) 100vw, 768px\" \/><\/figure>\n\n\n\n<figure class=\"wp-block-image size-large\"><img loading=\"lazy\" decoding=\"async\" width=\"1024\" height=\"792\" data-id=\"373\" src=\"https:\/\/adventsfenster.auf-bergheim.de\/wp-content\/uploads\/2024\/12\/0d0d0e50-2de8-4d2a-8210-cc585c44f0d6-1024x792.jpeg\" alt=\"\" class=\"wp-image-373\" srcset=\"https:\/\/adventsfenster.auf-bergheim.de\/wp-content\/uploads\/2024\/12\/0d0d0e50-2de8-4d2a-8210-cc585c44f0d6-1024x792.jpeg 1024w, https:\/\/adventsfenster.auf-bergheim.de\/wp-content\/uploads\/2024\/12\/0d0d0e50-2de8-4d2a-8210-cc585c44f0d6-300x232.jpeg 300w, https:\/\/adventsfenster.auf-bergheim.de\/wp-content\/uploads\/2024\/12\/0d0d0e50-2de8-4d2a-8210-cc585c44f0d6-768x594.jpeg 768w, https:\/\/adventsfenster.auf-bergheim.de\/wp-content\/uploads\/2024\/12\/0d0d0e50-2de8-4d2a-8210-cc585c44f0d6.jpeg 1288w\" sizes=\"auto, (max-width: 1024px) 100vw, 1024px\" \/><\/figure>\n\n\n\n<figure class=\"wp-block-image size-large\"><img loading=\"lazy\" decoding=\"async\" width=\"768\" height=\"1024\" data-id=\"376\" src=\"https:\/\/adventsfenster.auf-bergheim.de\/wp-content\/uploads\/2024\/12\/09eaf3d9-d17b-4f9f-8550-3ae6071ea873-1-768x1024.jpeg\" alt=\"\" class=\"wp-image-376\" srcset=\"https:\/\/adventsfenster.auf-bergheim.de\/wp-content\/uploads\/2024\/12\/09eaf3d9-d17b-4f9f-8550-3ae6071ea873-1-768x1024.jpeg 768w, https:\/\/adventsfenster.auf-bergheim.de\/wp-content\/uploads\/2024\/12\/09eaf3d9-d17b-4f9f-8550-3ae6071ea873-1-225x300.jpeg 225w, https:\/\/adventsfenster.auf-bergheim.de\/wp-content\/uploads\/2024\/12\/09eaf3d9-d17b-4f9f-8550-3ae6071ea873-1-1152x1536.jpeg 1152w, https:\/\/adventsfenster.auf-bergheim.de\/wp-content\/uploads\/2024\/12\/09eaf3d9-d17b-4f9f-8550-3ae6071ea873-1.jpeg 1530w\" sizes=\"auto, (max-width: 768px) 100vw, 768px\" \/><\/figure>\n\n\n\n<figure class=\"wp-block-image size-large\"><img loading=\"lazy\" decoding=\"async\" width=\"768\" height=\"1024\" data-id=\"379\" src=\"https:\/\/adventsfenster.auf-bergheim.de\/wp-content\/uploads\/2024\/12\/bc168c03-07d6-4ed6-80a1-7a1a090a6bce-768x1024.jpeg\" alt=\"\" class=\"wp-image-379\" srcset=\"https:\/\/adventsfenster.auf-bergheim.de\/wp-content\/uploads\/2024\/12\/bc168c03-07d6-4ed6-80a1-7a1a090a6bce-768x1024.jpeg 768w, https:\/\/adventsfenster.auf-bergheim.de\/wp-content\/uploads\/2024\/12\/bc168c03-07d6-4ed6-80a1-7a1a090a6bce-225x300.jpeg 225w, https:\/\/adventsfenster.auf-bergheim.de\/wp-content\/uploads\/2024\/12\/bc168c03-07d6-4ed6-80a1-7a1a090a6bce-1152x1536.jpeg 1152w, https:\/\/adventsfenster.auf-bergheim.de\/wp-content\/uploads\/2024\/12\/bc168c03-07d6-4ed6-80a1-7a1a090a6bce.jpeg 1512w\" sizes=\"auto, (max-width: 768px) 100vw, 768px\" \/><\/figure>\n\n\n\n<figure class=\"wp-block-image size-large\"><img loading=\"lazy\" decoding=\"async\" width=\"1024\" height=\"768\" data-id=\"380\" src=\"https:\/\/adventsfenster.auf-bergheim.de\/wp-content\/uploads\/2024\/12\/dff6997c-f0ea-4d6c-a703-10df16ae874f-1024x768.jpeg\" alt=\"\" class=\"wp-image-380\" srcset=\"https:\/\/adventsfenster.auf-bergheim.de\/wp-content\/uploads\/2024\/12\/dff6997c-f0ea-4d6c-a703-10df16ae874f-1024x768.jpeg 1024w, https:\/\/adventsfenster.auf-bergheim.de\/wp-content\/uploads\/2024\/12\/dff6997c-f0ea-4d6c-a703-10df16ae874f-300x225.jpeg 300w, https:\/\/adventsfenster.auf-bergheim.de\/wp-content\/uploads\/2024\/12\/dff6997c-f0ea-4d6c-a703-10df16ae874f-768x576.jpeg 768w, https:\/\/adventsfenster.auf-bergheim.de\/wp-content\/uploads\/2024\/12\/dff6997c-f0ea-4d6c-a703-10df16ae874f-1536x1152.jpeg 1536w, https:\/\/adventsfenster.auf-bergheim.de\/wp-content\/uploads\/2024\/12\/dff6997c-f0ea-4d6c-a703-10df16ae874f.jpeg 2016w\" sizes=\"auto, (max-width: 1024px) 100vw, 1024px\" \/><\/figure>\n\n\n\n<figure class=\"wp-block-image size-large\"><img loading=\"lazy\" decoding=\"async\" width=\"768\" height=\"1024\" data-id=\"382\" src=\"https:\/\/adventsfenster.auf-bergheim.de\/wp-content\/uploads\/2024\/12\/IMG_6522-768x1024.jpeg\" alt=\"\" class=\"wp-image-382\" srcset=\"https:\/\/adventsfenster.auf-bergheim.de\/wp-content\/uploads\/2024\/12\/IMG_6522-768x1024.jpeg 768w, https:\/\/adventsfenster.auf-bergheim.de\/wp-content\/uploads\/2024\/12\/IMG_6522-225x300.jpeg 225w, https:\/\/adventsfenster.auf-bergheim.de\/wp-content\/uploads\/2024\/12\/IMG_6522-1152x1536.jpeg 1152w, https:\/\/adventsfenster.auf-bergheim.de\/wp-content\/uploads\/2024\/12\/IMG_6522-1536x2048.jpeg 1536w, https:\/\/adventsfenster.auf-bergheim.de\/wp-content\/uploads\/2024\/12\/IMG_6522-scaled.jpeg 1920w\" sizes=\"auto, (max-width: 768px) 100vw, 768px\" \/><\/figure>\n\n\n\n<figure class=\"wp-block-image size-large\"><img loading=\"lazy\" decoding=\"async\" width=\"768\" height=\"1024\" data-id=\"384\" src=\"https:\/\/adventsfenster.auf-bergheim.de\/wp-content\/uploads\/2024\/12\/IMG_6535-768x1024.jpeg\" alt=\"\" class=\"wp-image-384\" srcset=\"https:\/\/adventsfenster.auf-bergheim.de\/wp-content\/uploads\/2024\/12\/IMG_6535-768x1024.jpeg 768w, https:\/\/adventsfenster.auf-bergheim.de\/wp-content\/uploads\/2024\/12\/IMG_6535-225x300.jpeg 225w, https:\/\/adventsfenster.auf-bergheim.de\/wp-content\/uploads\/2024\/12\/IMG_6535-1152x1536.jpeg 1152w, https:\/\/adventsfenster.auf-bergheim.de\/wp-content\/uploads\/2024\/12\/IMG_6535-1536x2048.jpeg 1536w, https:\/\/adventsfenster.auf-bergheim.de\/wp-content\/uploads\/2024\/12\/IMG_6535-scaled.jpeg 1920w\" sizes=\"auto, (max-width: 768px) 100vw, 768px\" \/><\/figure>\n<\/figure>\n<\/div>\n","protected":false},"excerpt":{"rendered":"<p>Das Adventsfenster \u00f6ffnet sich an jedem Tag um 18.30 Uhr (au\u00dfer am 02., 09. &amp; 24.12.). Wer im n\u00e4chsten Jahr ein Fenster \u00fcbernehmen oder einfach nur helfen m\u00f6chte, kann sich gerne jederzeit bei uns melden (auch au\u00dferhalb der Adventszeit) oder unverbindlich folgende Umfrage ausf\u00fcllen: https:\/\/forms.office.com\/e\/Af21fTwTCS Name Adresse 01.12.2024 Fam. Pahlke-Demmig Hugo-Bremer-Weg 8 02.12.2024 (17.30 Uhr) [&hellip;]<\/p>\n","protected":false},"author":2,"featured_media":0,"parent":0,"menu_order":-1,"comment_status":"closed","ping_status":"closed","template":"","meta":{"footnotes":""},"class_list":["post-347","page","type-page","status-publish","hentry"],"_links":{"self":[{"href":"https:\/\/adventsfenster.auf-bergheim.de\/index.php?rest_route=\/wp\/v2\/pages\/347","targetHints":{"allow":["GET"]}}],"collection":[{"href":"https:\/\/adventsfenster.auf-bergheim.de\/index.php?rest_route=\/wp\/v2\/pages"}],"about":[{"href":"https:\/\/adventsfenster.auf-bergheim.de\/index.php?rest_route=\/wp\/v2\/types\/page"}],"author":[{"embeddable":true,"href":"https:\/\/adventsfenster.auf-bergheim.de\/index.php?rest_route=\/wp\/v2\/users\/2"}],"replies":[{"embeddable":true,"href":"https:\/\/adventsfenster.auf-bergheim.de\/index.php?rest_route=%2Fwp%2Fv2%2Fcomments&post=347"}],"version-history":[{"count":10,"href":"https:\/\/adventsfenster.auf-bergheim.de\/index.php?rest_route=\/wp\/v2\/pages\/347\/revisions"}],"predecessor-version":[{"id":385,"href":"https:\/\/adventsfenster.auf-bergheim.de\/index.php?rest_route=\/wp\/v2\/pages\/347\/revisions\/385"}],"wp:attachment":[{"href":"https:\/\/adventsfenster.auf-bergheim.de\/index.php?rest_route=%2Fwp%2Fv2%2Fmedia&parent=347"}],"curies":[{"name":"wp","href":"https:\/\/api.w.org\/{rel}","templated":true}]}}