{"id":22,"date":"2021-11-21T18:51:14","date_gmt":"2021-11-21T17:51:14","guid":{"rendered":"https:\/\/adventsfenster.auf-bergheim.de\/?page_id=22"},"modified":"2025-11-10T21:35:15","modified_gmt":"2025-11-10T20:35:15","slug":"adventskalender-2021","status":"publish","type":"page","link":"https:\/\/adventsfenster.auf-bergheim.de\/?page_id=22","title":{"rendered":"Adventsfenster 2021"},"content":{"rendered":"\n<p>Wir m\u00fcssen unseren &#8222;Lebendigen Adventskalender auf Bergheim&#8220; in diesem Jahr coronabedingt leider wieder ausfallen lassen. Die beteiligten Familien schm\u00fccken jedoch ihr Fenster an den jeweiligen Terminen. Jeder ist eingeladen, sich die Fenster im Laufe des Advents anzusehen. Alle Beteiligten w\u00fcrden sich dar\u00fcber freuen. <\/p>\n\n\n\n<p>Wir w\u00fcnschen allen eine besinnliche Adventszeit.<\/p>\n\n\n\n<p><em>Claudia &amp; Marietheres<\/em><\/p>\n\n\n\n<p><em>Die Bilder der diesj\u00e4hrigen Fenster folgen nach der Liste.<\/em><\/p>\n\n\n\n<figure class=\"wp-block-table is-style-regular\"><table><thead><tr><th> Wann?<\/th><th>Wer\/Was? Wo?<\/th><\/tr><\/thead><tbody><tr><td>01.12.2021<\/td><td>Fam. Volkhausen,<br>Sleperstr. 34<\/td><\/tr><tr><td>02.12.2021<\/td><td>Fam. Ludwig,<br>Sleperfeld 13<\/td><\/tr><tr><td>03.12.2021<\/td><td>Fam. Lex,<br>Dreihausener Weg 32<\/td><\/tr><tr><td>04.12.2021<\/td><td>Fam. Borchmann,<br>Kardinal-Jaeger-Str. 8<\/td><\/tr><tr><td>05.12.2021<\/td><td>Fam. Greve,<br>Wesehof 9<\/td><\/tr><tr><td>06.12.2021<\/td><td>Kita Sonnenhof,<br>Bergheimer Weg 24<\/td><\/tr><tr><td>07.12.2021<\/td><td>Fam. Becker,<br>Anton-Schade-Weg 12<\/td><\/tr><tr><td>08.12.2021 <\/td><td>Fam. R\u00f6wekamp,<br>Werdener Hof 34<\/td><\/tr><tr><td>09.12.2021 <\/td><td>Kommunionkinder,<br>Widukindstr. 4, Pfarrheim<\/td><\/tr><tr><td>10.12.2021 <\/td><td>Fam. Pahlke-Demmig,<br>Hugo-Bremer-Weg 8<\/td><\/tr><tr><td>11.12.2021 <\/td><td>Fam. Schumacher,<br>Bachumer Weg 43<\/td><\/tr><tr><td>12.12.2021 <\/td><td>Fam. Kuhle,<br>Lernakademie, Sleperstr. 20<\/td><\/tr><tr><td>13.12.2021 <\/td><td>Fam. Vollmers,<br>Werdener Hof 9<\/td><\/tr><tr><td>14.12.2021 <\/td><td>Fam. Br\u00fcser,<br>Wesehof 14<\/td><\/tr><tr><td>15.12.2021 <\/td><td>Fam. Zens,<br>Iringweg 4<\/td><\/tr><tr><td>16.12.2021 <\/td><td>Fam. Paltzer-Hartmann,<br>Am H\u00f6llenberg 17 (Bachum)<\/td><\/tr><tr><td>17.12.2021 <\/td><td>Fam. Keweloh,<br>Wesehof 21<\/td><\/tr><tr><td>18.12.2021<\/td><td>Fam. H\u00f6flich,<br>Bachumer Weg 67<\/td><\/tr><tr><td>19.12.2021<\/td><td>Fam. Schwarz,<br>Albertweg 18<\/td><\/tr><tr><td>20.12.2021<\/td><td>Fam. Hieronymus,<br>Kardinal-Jaeger-Str. 10a<\/td><\/tr><tr><td>21.12.2021<\/td><td>GS Bergheim Sep b Rabenklasse,<br>Marienstr. 1<\/td><\/tr><tr><td>22.12.2021<\/td><td>Fam. Vedder,<br>Kardinal-Jaeger-Str. 19<\/td><\/tr><tr><td>23.12.2021<\/td><td>Fam. Wiggerich,<br>Werdener Hof 39<\/td><\/tr><tr><td>24.12.2021<\/td><td>Kl\u00e4ppchenlauf, 2G-Regel,<br>St. Joseph-Kirche (11.00 Uhr)<\/td><\/tr><tr><td>24.12.2021 <\/td><td>Kita Sonnenhof,<br>St. Joseph-Kirche (15.00 Uhr)<\/td><\/tr><\/tbody><\/table><\/figure>\n\n\n\n<figure class=\"wp-block-image size-large is-style-rounded is-style-rounded--1\"><img loading=\"lazy\" decoding=\"async\" width=\"576\" height=\"1024\" src=\"https:\/\/adventsfenster.auf-bergheim.de\/wp-content\/uploads\/2021\/12\/2021-1-576x1024.jpg\" alt=\"\" class=\"wp-image-44\" srcset=\"https:\/\/adventsfenster.auf-bergheim.de\/wp-content\/uploads\/2021\/12\/2021-1-576x1024.jpg 576w, https:\/\/adventsfenster.auf-bergheim.de\/wp-content\/uploads\/2021\/12\/2021-1-169x300.jpg 169w, https:\/\/adventsfenster.auf-bergheim.de\/wp-content\/uploads\/2021\/12\/2021-1-768x1365.jpg 768w, https:\/\/adventsfenster.auf-bergheim.de\/wp-content\/uploads\/2021\/12\/2021-1-864x1536.jpg 864w, https:\/\/adventsfenster.auf-bergheim.de\/wp-content\/uploads\/2021\/12\/2021-1-1152x2048.jpg 1152w, https:\/\/adventsfenster.auf-bergheim.de\/wp-content\/uploads\/2021\/12\/2021-1-1568x2788.jpg 1568w, https:\/\/adventsfenster.auf-bergheim.de\/wp-content\/uploads\/2021\/12\/2021-1-scaled.jpg 1440w\" sizes=\"auto, (max-width: 576px) 100vw, 576px\" \/><figcaption class=\"wp-element-caption\">Fenster Nr. 1<\/figcaption><\/figure>\n\n\n\n<figure class=\"wp-block-image size-large\"><img loading=\"lazy\" decoding=\"async\" width=\"1024\" height=\"768\" src=\"https:\/\/adventsfenster.auf-bergheim.de\/wp-content\/uploads\/2021\/12\/2021-02-1024x768.jpg\" alt=\"\" class=\"wp-image-49\" srcset=\"https:\/\/adventsfenster.auf-bergheim.de\/wp-content\/uploads\/2021\/12\/2021-02-1024x768.jpg 1024w, https:\/\/adventsfenster.auf-bergheim.de\/wp-content\/uploads\/2021\/12\/2021-02-300x225.jpg 300w, https:\/\/adventsfenster.auf-bergheim.de\/wp-content\/uploads\/2021\/12\/2021-02-768x576.jpg 768w, https:\/\/adventsfenster.auf-bergheim.de\/wp-content\/uploads\/2021\/12\/2021-02-1536x1152.jpg 1536w, https:\/\/adventsfenster.auf-bergheim.de\/wp-content\/uploads\/2021\/12\/2021-02-1568x1176.jpg 1568w, https:\/\/adventsfenster.auf-bergheim.de\/wp-content\/uploads\/2021\/12\/2021-02.jpg 2048w\" sizes=\"auto, (max-width: 1024px) 100vw, 1024px\" \/><figcaption class=\"wp-element-caption\">Fenster Nr. 2<\/figcaption><\/figure>\n\n\n\n<figure class=\"wp-block-image size-full is-style-rounded is-style-rounded--2\"><img loading=\"lazy\" decoding=\"async\" width=\"758\" height=\"916\" src=\"https:\/\/adventsfenster.auf-bergheim.de\/wp-content\/uploads\/2021\/12\/2021-03.jpg\" alt=\"\" class=\"wp-image-51\" srcset=\"https:\/\/adventsfenster.auf-bergheim.de\/wp-content\/uploads\/2021\/12\/2021-03.jpg 758w, https:\/\/adventsfenster.auf-bergheim.de\/wp-content\/uploads\/2021\/12\/2021-03-248x300.jpg 248w\" sizes=\"auto, (max-width: 758px) 100vw, 758px\" \/><figcaption class=\"wp-element-caption\">Fenster Nr. 3 <\/figcaption><\/figure>\n\n\n\n<figure class=\"wp-block-image size-large is-style-default\"><img loading=\"lazy\" decoding=\"async\" width=\"832\" height=\"1024\" src=\"https:\/\/adventsfenster.auf-bergheim.de\/wp-content\/uploads\/2021\/12\/2021-04-1-832x1024.jpg\" alt=\"\" class=\"wp-image-48\" srcset=\"https:\/\/adventsfenster.auf-bergheim.de\/wp-content\/uploads\/2021\/12\/2021-04-1-832x1024.jpg 832w, https:\/\/adventsfenster.auf-bergheim.de\/wp-content\/uploads\/2021\/12\/2021-04-1-244x300.jpg 244w, https:\/\/adventsfenster.auf-bergheim.de\/wp-content\/uploads\/2021\/12\/2021-04-1-768x946.jpg 768w, https:\/\/adventsfenster.auf-bergheim.de\/wp-content\/uploads\/2021\/12\/2021-04-1-1248x1536.jpg 1248w, https:\/\/adventsfenster.auf-bergheim.de\/wp-content\/uploads\/2021\/12\/2021-04-1-1663x2048.jpg 1663w, https:\/\/adventsfenster.auf-bergheim.de\/wp-content\/uploads\/2021\/12\/2021-04-1-1568x1930.jpg 1568w\" sizes=\"auto, (max-width: 832px) 100vw, 832px\" \/><figcaption class=\"wp-element-caption\">Fenster Nr. 4<\/figcaption><\/figure>\n\n\n\n<figure class=\"wp-block-gallery has-nested-images columns-default is-cropped wp-block-gallery-3 is-layout-flex wp-block-gallery-is-layout-flex\">\n<figure class=\"wp-block-image size-large\"><img loading=\"lazy\" decoding=\"async\" width=\"1024\" height=\"576\" data-id=\"41\" src=\"https:\/\/adventsfenster.auf-bergheim.de\/wp-content\/uploads\/2021\/12\/2021-5-1-1024x576.jpg\" alt=\"\" class=\"wp-image-41\" srcset=\"https:\/\/adventsfenster.auf-bergheim.de\/wp-content\/uploads\/2021\/12\/2021-5-1-1024x576.jpg 1024w, https:\/\/adventsfenster.auf-bergheim.de\/wp-content\/uploads\/2021\/12\/2021-5-1-300x169.jpg 300w, https:\/\/adventsfenster.auf-bergheim.de\/wp-content\/uploads\/2021\/12\/2021-5-1-768x432.jpg 768w, https:\/\/adventsfenster.auf-bergheim.de\/wp-content\/uploads\/2021\/12\/2021-5-1-1536x864.jpg 1536w, https:\/\/adventsfenster.auf-bergheim.de\/wp-content\/uploads\/2021\/12\/2021-5-1-2048x1152.jpg 2048w, https:\/\/adventsfenster.auf-bergheim.de\/wp-content\/uploads\/2021\/12\/2021-5-1-1568x882.jpg 1568w\" sizes=\"auto, (max-width: 1024px) 100vw, 1024px\" \/><\/figure>\n<figcaption class=\"blocks-gallery-caption wp-element-caption\">Fenster Nr. 5<\/figcaption><\/figure>\n\n\n\n<figure class=\"wp-block-image size-large is-style-rounded is-style-rounded--4\"><img loading=\"lazy\" decoding=\"async\" width=\"1024\" height=\"576\" src=\"https:\/\/adventsfenster.auf-bergheim.de\/wp-content\/uploads\/2021\/12\/2021-06-1024x576.jpg\" alt=\"\" class=\"wp-image-46\" srcset=\"https:\/\/adventsfenster.auf-bergheim.de\/wp-content\/uploads\/2021\/12\/2021-06-1024x576.jpg 1024w, https:\/\/adventsfenster.auf-bergheim.de\/wp-content\/uploads\/2021\/12\/2021-06-300x169.jpg 300w, https:\/\/adventsfenster.auf-bergheim.de\/wp-content\/uploads\/2021\/12\/2021-06-768x432.jpg 768w, https:\/\/adventsfenster.auf-bergheim.de\/wp-content\/uploads\/2021\/12\/2021-06-1536x864.jpg 1536w, https:\/\/adventsfenster.auf-bergheim.de\/wp-content\/uploads\/2021\/12\/2021-06-2048x1152.jpg 2048w, https:\/\/adventsfenster.auf-bergheim.de\/wp-content\/uploads\/2021\/12\/2021-06-1568x882.jpg 1568w\" sizes=\"auto, (max-width: 1024px) 100vw, 1024px\" \/><figcaption class=\"wp-element-caption\">Fenster Nr. 6<\/figcaption><\/figure>\n\n\n\n<figure class=\"wp-block-image size-large\"><img loading=\"lazy\" decoding=\"async\" width=\"768\" height=\"1024\" src=\"https:\/\/adventsfenster.auf-bergheim.de\/wp-content\/uploads\/2021\/12\/2021-07-768x1024.jpg\" alt=\"\" class=\"wp-image-58\" srcset=\"https:\/\/adventsfenster.auf-bergheim.de\/wp-content\/uploads\/2021\/12\/2021-07-768x1024.jpg 768w, https:\/\/adventsfenster.auf-bergheim.de\/wp-content\/uploads\/2021\/12\/2021-07-225x300.jpg 225w, https:\/\/adventsfenster.auf-bergheim.de\/wp-content\/uploads\/2021\/12\/2021-07-1152x1536.jpg 1152w, https:\/\/adventsfenster.auf-bergheim.de\/wp-content\/uploads\/2021\/12\/2021-07.jpg 1536w\" sizes=\"auto, (max-width: 768px) 100vw, 768px\" \/><figcaption class=\"wp-element-caption\">Fenster Nr. 7<\/figcaption><\/figure>\n\n\n\n<figure class=\"wp-block-image size-full\"><img loading=\"lazy\" decoding=\"async\" width=\"976\" height=\"691\" src=\"https:\/\/adventsfenster.auf-bergheim.de\/wp-content\/uploads\/2021\/12\/2021-08.jpg\" alt=\"\" class=\"wp-image-59\" srcset=\"https:\/\/adventsfenster.auf-bergheim.de\/wp-content\/uploads\/2021\/12\/2021-08.jpg 976w, https:\/\/adventsfenster.auf-bergheim.de\/wp-content\/uploads\/2021\/12\/2021-08-300x212.jpg 300w, https:\/\/adventsfenster.auf-bergheim.de\/wp-content\/uploads\/2021\/12\/2021-08-768x544.jpg 768w\" sizes=\"auto, (max-width: 976px) 100vw, 976px\" \/><figcaption class=\"wp-element-caption\">Fenster Nr. 8<\/figcaption><\/figure>\n\n\n\n<figure class=\"wp-block-image size-large\"><img loading=\"lazy\" decoding=\"async\" width=\"768\" height=\"1024\" src=\"https:\/\/adventsfenster.auf-bergheim.de\/wp-content\/uploads\/2021\/12\/2021-09-768x1024.jpg\" alt=\"\" class=\"wp-image-55\" srcset=\"https:\/\/adventsfenster.auf-bergheim.de\/wp-content\/uploads\/2021\/12\/2021-09-768x1024.jpg 768w, https:\/\/adventsfenster.auf-bergheim.de\/wp-content\/uploads\/2021\/12\/2021-09-225x300.jpg 225w, https:\/\/adventsfenster.auf-bergheim.de\/wp-content\/uploads\/2021\/12\/2021-09-1152x1536.jpg 1152w, https:\/\/adventsfenster.auf-bergheim.de\/wp-content\/uploads\/2021\/12\/2021-09-1536x2048.jpg 1536w, https:\/\/adventsfenster.auf-bergheim.de\/wp-content\/uploads\/2021\/12\/2021-09.jpg 1560w\" sizes=\"auto, (max-width: 768px) 100vw, 768px\" \/><figcaption class=\"wp-element-caption\">Fenster Nr. 9<\/figcaption><\/figure>\n\n\n\n<figure class=\"wp-block-image size-full is-style-rounded is-style-rounded--5\"><img loading=\"lazy\" decoding=\"async\" width=\"1024\" height=\"768\" src=\"https:\/\/adventsfenster.auf-bergheim.de\/wp-content\/uploads\/2021\/12\/2021-10.jpg\" alt=\"\" class=\"wp-image-61\" srcset=\"https:\/\/adventsfenster.auf-bergheim.de\/wp-content\/uploads\/2021\/12\/2021-10.jpg 1024w, https:\/\/adventsfenster.auf-bergheim.de\/wp-content\/uploads\/2021\/12\/2021-10-300x225.jpg 300w, https:\/\/adventsfenster.auf-bergheim.de\/wp-content\/uploads\/2021\/12\/2021-10-768x576.jpg 768w\" sizes=\"auto, (max-width: 1024px) 100vw, 1024px\" \/><figcaption class=\"wp-element-caption\">Fenster Nr. 10<\/figcaption><\/figure>\n\n\n\n<figure class=\"wp-block-image size-large is-style-rounded is-style-rounded--6\"><img loading=\"lazy\" decoding=\"async\" width=\"768\" height=\"1024\" src=\"https:\/\/adventsfenster.auf-bergheim.de\/wp-content\/uploads\/2021\/12\/2021-11-768x1024.jpg\" alt=\"\" class=\"wp-image-56\" srcset=\"https:\/\/adventsfenster.auf-bergheim.de\/wp-content\/uploads\/2021\/12\/2021-11-768x1024.jpg 768w, https:\/\/adventsfenster.auf-bergheim.de\/wp-content\/uploads\/2021\/12\/2021-11-225x300.jpg 225w, https:\/\/adventsfenster.auf-bergheim.de\/wp-content\/uploads\/2021\/12\/2021-11-1152x1536.jpg 1152w, https:\/\/adventsfenster.auf-bergheim.de\/wp-content\/uploads\/2021\/12\/2021-11-1536x2048.jpg 1536w, https:\/\/adventsfenster.auf-bergheim.de\/wp-content\/uploads\/2021\/12\/2021-11.jpg 1560w\" sizes=\"auto, (max-width: 768px) 100vw, 768px\" \/><figcaption class=\"wp-element-caption\">Fenster Nr. 11<\/figcaption><\/figure>\n\n\n\n<figure class=\"wp-block-image size-large\"><img loading=\"lazy\" decoding=\"async\" width=\"1024\" height=\"768\" src=\"https:\/\/adventsfenster.auf-bergheim.de\/wp-content\/uploads\/2021\/12\/2021-12-1024x768.jpg\" alt=\"\" class=\"wp-image-57\" srcset=\"https:\/\/adventsfenster.auf-bergheim.de\/wp-content\/uploads\/2021\/12\/2021-12-1024x768.jpg 1024w, https:\/\/adventsfenster.auf-bergheim.de\/wp-content\/uploads\/2021\/12\/2021-12-300x225.jpg 300w, https:\/\/adventsfenster.auf-bergheim.de\/wp-content\/uploads\/2021\/12\/2021-12-768x576.jpg 768w, https:\/\/adventsfenster.auf-bergheim.de\/wp-content\/uploads\/2021\/12\/2021-12-1536x1152.jpg 1536w, https:\/\/adventsfenster.auf-bergheim.de\/wp-content\/uploads\/2021\/12\/2021-12-2048x1536.jpg 2048w, https:\/\/adventsfenster.auf-bergheim.de\/wp-content\/uploads\/2021\/12\/2021-12-1568x1176.jpg 1568w\" sizes=\"auto, (max-width: 1024px) 100vw, 1024px\" \/><figcaption class=\"wp-element-caption\">Fenster Nr. 12<\/figcaption><\/figure>\n\n\n\n<figure class=\"wp-block-image size-large is-style-default\"><img loading=\"lazy\" decoding=\"async\" width=\"477\" height=\"1024\" src=\"https:\/\/adventsfenster.auf-bergheim.de\/wp-content\/uploads\/2021\/12\/2021-13-477x1024.jpg\" alt=\"\" class=\"wp-image-64\" srcset=\"https:\/\/adventsfenster.auf-bergheim.de\/wp-content\/uploads\/2021\/12\/2021-13-477x1024.jpg 477w, https:\/\/adventsfenster.auf-bergheim.de\/wp-content\/uploads\/2021\/12\/2021-13-140x300.jpg 140w, https:\/\/adventsfenster.auf-bergheim.de\/wp-content\/uploads\/2021\/12\/2021-13-716x1536.jpg 716w, https:\/\/adventsfenster.auf-bergheim.de\/wp-content\/uploads\/2021\/12\/2021-13.jpg 746w\" sizes=\"auto, (max-width: 477px) 100vw, 477px\" \/><figcaption class=\"wp-element-caption\">Fenster Nr. 13<\/figcaption><\/figure>\n\n\n\n<figure class=\"wp-block-image size-large is-style-rounded is-style-rounded--7\"><img loading=\"lazy\" decoding=\"async\" width=\"1024\" height=\"768\" src=\"https:\/\/adventsfenster.auf-bergheim.de\/wp-content\/uploads\/2021\/12\/2021-14-1024x768.jpg\" alt=\"\" class=\"wp-image-70\" srcset=\"https:\/\/adventsfenster.auf-bergheim.de\/wp-content\/uploads\/2021\/12\/2021-14-1024x768.jpg 1024w, https:\/\/adventsfenster.auf-bergheim.de\/wp-content\/uploads\/2021\/12\/2021-14-300x225.jpg 300w, https:\/\/adventsfenster.auf-bergheim.de\/wp-content\/uploads\/2021\/12\/2021-14-768x576.jpg 768w, https:\/\/adventsfenster.auf-bergheim.de\/wp-content\/uploads\/2021\/12\/2021-14-1536x1152.jpg 1536w, https:\/\/adventsfenster.auf-bergheim.de\/wp-content\/uploads\/2021\/12\/2021-14-1568x1176.jpg 1568w, https:\/\/adventsfenster.auf-bergheim.de\/wp-content\/uploads\/2021\/12\/2021-14.jpg 1824w\" sizes=\"auto, (max-width: 1024px) 100vw, 1024px\" \/><figcaption class=\"wp-element-caption\">Fenster Nr. 14<\/figcaption><\/figure>\n\n\n\n<figure class=\"wp-block-image size-large\"><img loading=\"lazy\" decoding=\"async\" width=\"768\" height=\"1024\" src=\"https:\/\/adventsfenster.auf-bergheim.de\/wp-content\/uploads\/2021\/12\/2021-15-768x1024.jpg\" alt=\"\" class=\"wp-image-75\" srcset=\"https:\/\/adventsfenster.auf-bergheim.de\/wp-content\/uploads\/2021\/12\/2021-15-768x1024.jpg 768w, https:\/\/adventsfenster.auf-bergheim.de\/wp-content\/uploads\/2021\/12\/2021-15-225x300.jpg 225w, https:\/\/adventsfenster.auf-bergheim.de\/wp-content\/uploads\/2021\/12\/2021-15-1152x1536.jpg 1152w, https:\/\/adventsfenster.auf-bergheim.de\/wp-content\/uploads\/2021\/12\/2021-15.jpg 1536w\" sizes=\"auto, (max-width: 768px) 100vw, 768px\" \/><figcaption class=\"wp-element-caption\">Fenster Nr. 15<\/figcaption><\/figure>\n\n\n\n<figure class=\"wp-block-image size-large\"><img loading=\"lazy\" decoding=\"async\" width=\"549\" height=\"1024\" src=\"https:\/\/adventsfenster.auf-bergheim.de\/wp-content\/uploads\/2021\/12\/2021-16-549x1024.jpg\" alt=\"\" class=\"wp-image-76\" srcset=\"https:\/\/adventsfenster.auf-bergheim.de\/wp-content\/uploads\/2021\/12\/2021-16-549x1024.jpg 549w, https:\/\/adventsfenster.auf-bergheim.de\/wp-content\/uploads\/2021\/12\/2021-16-161x300.jpg 161w, https:\/\/adventsfenster.auf-bergheim.de\/wp-content\/uploads\/2021\/12\/2021-16-768x1434.jpg 768w, https:\/\/adventsfenster.auf-bergheim.de\/wp-content\/uploads\/2021\/12\/2021-16-823x1536.jpg 823w, https:\/\/adventsfenster.auf-bergheim.de\/wp-content\/uploads\/2021\/12\/2021-16.jpg 960w\" sizes=\"auto, (max-width: 549px) 100vw, 549px\" \/><figcaption class=\"wp-element-caption\">Fenster Nr. 16<\/figcaption><\/figure>\n\n\n\n<figure class=\"wp-block-image size-full is-style-rounded is-style-rounded--8\"><img loading=\"lazy\" decoding=\"async\" width=\"720\" height=\"951\" src=\"https:\/\/adventsfenster.auf-bergheim.de\/wp-content\/uploads\/2021\/12\/2021-17.jpg\" alt=\"\" class=\"wp-image-78\" srcset=\"https:\/\/adventsfenster.auf-bergheim.de\/wp-content\/uploads\/2021\/12\/2021-17.jpg 720w, https:\/\/adventsfenster.auf-bergheim.de\/wp-content\/uploads\/2021\/12\/2021-17-227x300.jpg 227w\" sizes=\"auto, (max-width: 720px) 100vw, 720px\" \/><figcaption class=\"wp-element-caption\">Fenster Nr. 17<\/figcaption><\/figure>\n\n\n\n<figure class=\"wp-block-image size-large is-style-rounded is-style-rounded--9\"><img loading=\"lazy\" decoding=\"async\" width=\"768\" height=\"1024\" src=\"https:\/\/adventsfenster.auf-bergheim.de\/wp-content\/uploads\/2021\/12\/2021-18-768x1024.jpg\" alt=\"\" class=\"wp-image-80\" srcset=\"https:\/\/adventsfenster.auf-bergheim.de\/wp-content\/uploads\/2021\/12\/2021-18-768x1024.jpg 768w, https:\/\/adventsfenster.auf-bergheim.de\/wp-content\/uploads\/2021\/12\/2021-18-225x300.jpg 225w, https:\/\/adventsfenster.auf-bergheim.de\/wp-content\/uploads\/2021\/12\/2021-18-1152x1536.jpg 1152w, https:\/\/adventsfenster.auf-bergheim.de\/wp-content\/uploads\/2021\/12\/2021-18.jpg 1200w\" sizes=\"auto, (max-width: 768px) 100vw, 768px\" \/><figcaption class=\"wp-element-caption\">Fenster Nr. 18<\/figcaption><\/figure>\n\n\n\n<figure class=\"wp-block-image size-large is-style-rounded is-style-rounded--10\"><img loading=\"lazy\" decoding=\"async\" width=\"845\" height=\"1024\" src=\"https:\/\/adventsfenster.auf-bergheim.de\/wp-content\/uploads\/2021\/12\/2021-19-845x1024.jpg\" alt=\"\" class=\"wp-image-92\" srcset=\"https:\/\/adventsfenster.auf-bergheim.de\/wp-content\/uploads\/2021\/12\/2021-19-845x1024.jpg 845w, https:\/\/adventsfenster.auf-bergheim.de\/wp-content\/uploads\/2021\/12\/2021-19-247x300.jpg 247w, https:\/\/adventsfenster.auf-bergheim.de\/wp-content\/uploads\/2021\/12\/2021-19-768x931.jpg 768w, https:\/\/adventsfenster.auf-bergheim.de\/wp-content\/uploads\/2021\/12\/2021-19.jpg 1037w\" sizes=\"auto, (max-width: 845px) 100vw, 845px\" \/><figcaption class=\"wp-element-caption\">Fenster Nr. 19<\/figcaption><\/figure>\n\n\n\n<figure class=\"wp-block-image size-large is-style-rounded is-style-rounded--11\"><img loading=\"lazy\" decoding=\"async\" width=\"768\" height=\"1024\" src=\"https:\/\/adventsfenster.auf-bergheim.de\/wp-content\/uploads\/2021\/12\/2021-20-768x1024.jpg\" alt=\"\" class=\"wp-image-88\" srcset=\"https:\/\/adventsfenster.auf-bergheim.de\/wp-content\/uploads\/2021\/12\/2021-20-768x1024.jpg 768w, https:\/\/adventsfenster.auf-bergheim.de\/wp-content\/uploads\/2021\/12\/2021-20-225x300.jpg 225w, https:\/\/adventsfenster.auf-bergheim.de\/wp-content\/uploads\/2021\/12\/2021-20-1152x1536.jpg 1152w, https:\/\/adventsfenster.auf-bergheim.de\/wp-content\/uploads\/2021\/12\/2021-20-1536x2048.jpg 1536w, https:\/\/adventsfenster.auf-bergheim.de\/wp-content\/uploads\/2021\/12\/2021-20-1568x2091.jpg 1568w, https:\/\/adventsfenster.auf-bergheim.de\/wp-content\/uploads\/2021\/12\/2021-20-scaled.jpg 1920w\" sizes=\"auto, (max-width: 768px) 100vw, 768px\" \/><figcaption class=\"wp-element-caption\">Fenster Nr.  20<\/figcaption><\/figure>\n\n\n\n<figure class=\"wp-block-image size-large\"><img loading=\"lazy\" decoding=\"async\" width=\"1024\" height=\"576\" src=\"https:\/\/adventsfenster.auf-bergheim.de\/wp-content\/uploads\/2021\/12\/2021-21-1024x576.jpg\" alt=\"\" class=\"wp-image-86\" srcset=\"https:\/\/adventsfenster.auf-bergheim.de\/wp-content\/uploads\/2021\/12\/2021-21-1024x576.jpg 1024w, https:\/\/adventsfenster.auf-bergheim.de\/wp-content\/uploads\/2021\/12\/2021-21-300x169.jpg 300w, https:\/\/adventsfenster.auf-bergheim.de\/wp-content\/uploads\/2021\/12\/2021-21-768x432.jpg 768w, https:\/\/adventsfenster.auf-bergheim.de\/wp-content\/uploads\/2021\/12\/2021-21-1536x864.jpg 1536w, https:\/\/adventsfenster.auf-bergheim.de\/wp-content\/uploads\/2021\/12\/2021-21-2048x1152.jpg 2048w, https:\/\/adventsfenster.auf-bergheim.de\/wp-content\/uploads\/2021\/12\/2021-21-1568x882.jpg 1568w\" sizes=\"auto, (max-width: 1024px) 100vw, 1024px\" \/><figcaption class=\"wp-element-caption\">Fenster Nr. 21<\/figcaption><\/figure>\n\n\n\n<figure class=\"wp-block-image size-large\"><img loading=\"lazy\" decoding=\"async\" width=\"941\" height=\"1024\" src=\"https:\/\/adventsfenster.auf-bergheim.de\/wp-content\/uploads\/2021\/12\/2021-22-941x1024.jpg\" alt=\"\" class=\"wp-image-97\" srcset=\"https:\/\/adventsfenster.auf-bergheim.de\/wp-content\/uploads\/2021\/12\/2021-22-941x1024.jpg 941w, https:\/\/adventsfenster.auf-bergheim.de\/wp-content\/uploads\/2021\/12\/2021-22-276x300.jpg 276w, https:\/\/adventsfenster.auf-bergheim.de\/wp-content\/uploads\/2021\/12\/2021-22-768x836.jpg 768w, https:\/\/adventsfenster.auf-bergheim.de\/wp-content\/uploads\/2021\/12\/2021-22-1412x1536.jpg 1412w, https:\/\/adventsfenster.auf-bergheim.de\/wp-content\/uploads\/2021\/12\/2021-22-1882x2048.jpg 1882w, https:\/\/adventsfenster.auf-bergheim.de\/wp-content\/uploads\/2021\/12\/2021-22-1568x1706.jpg 1568w\" sizes=\"auto, (max-width: 941px) 100vw, 941px\" \/><figcaption class=\"wp-element-caption\">Fenster Nr. 22<\/figcaption><\/figure>\n\n\n\n<figure class=\"wp-block-image size-full\"><img loading=\"lazy\" decoding=\"async\" width=\"750\" height=\"923\" src=\"https:\/\/adventsfenster.auf-bergheim.de\/wp-content\/uploads\/2021\/12\/2021-23-1.jpg\" alt=\"\" class=\"wp-image-103\" srcset=\"https:\/\/adventsfenster.auf-bergheim.de\/wp-content\/uploads\/2021\/12\/2021-23-1.jpg 750w, https:\/\/adventsfenster.auf-bergheim.de\/wp-content\/uploads\/2021\/12\/2021-23-1-244x300.jpg 244w\" sizes=\"auto, (max-width: 750px) 100vw, 750px\" \/><figcaption class=\"wp-element-caption\">Fenster Nr. 23<\/figcaption><\/figure>\n\n\n\n<figure class=\"wp-block-image size-large\"><img loading=\"lazy\" decoding=\"async\" width=\"1024\" height=\"768\" src=\"https:\/\/adventsfenster.auf-bergheim.de\/wp-content\/uploads\/2021\/12\/2021-24-1024x768.jpg\" alt=\"\" class=\"wp-image-106\" srcset=\"https:\/\/adventsfenster.auf-bergheim.de\/wp-content\/uploads\/2021\/12\/2021-24-1024x768.jpg 1024w, https:\/\/adventsfenster.auf-bergheim.de\/wp-content\/uploads\/2021\/12\/2021-24-300x225.jpg 300w, https:\/\/adventsfenster.auf-bergheim.de\/wp-content\/uploads\/2021\/12\/2021-24-768x576.jpg 768w, https:\/\/adventsfenster.auf-bergheim.de\/wp-content\/uploads\/2021\/12\/2021-24-1536x1152.jpg 1536w, https:\/\/adventsfenster.auf-bergheim.de\/wp-content\/uploads\/2021\/12\/2021-24-2048x1536.jpg 2048w, https:\/\/adventsfenster.auf-bergheim.de\/wp-content\/uploads\/2021\/12\/2021-24-1568x1176.jpg 1568w\" sizes=\"auto, (max-width: 1024px) 100vw, 1024px\" \/><figcaption class=\"wp-element-caption\">Fenster Nr. 24<\/figcaption><\/figure>\n\n\n\n<p><\/p>\n\n\n<div class=\"entry-content wp-block-post-content is-layout-flow wp-block-post-content-is-layout-flow\">\n<p>Wir m\u00fcssen unseren &#8222;Lebendigen Adventskalender auf Bergheim&#8220; in diesem Jahr coronabedingt leider wieder ausfallen lassen. Die beteiligten Familien schm\u00fccken jedoch ihr Fenster an den jeweiligen Terminen. Jeder ist eingeladen, sich die Fenster im Laufe des Advents anzusehen. Alle Beteiligten w\u00fcrden sich dar\u00fcber freuen. <\/p>\n\n\n\n<p>Wir w\u00fcnschen allen eine besinnliche Adventszeit.<\/p>\n\n\n\n<p><em>Claudia &amp; Marietheres<\/em><\/p>\n\n\n\n<p><em>Die Bilder der diesj\u00e4hrigen Fenster folgen nach der Liste.<\/em><\/p>\n\n\n\n<figure class=\"wp-block-table is-style-regular\"><table><thead><tr><th> Wann?<\/th><th>Wer\/Was? Wo?<\/th><\/tr><\/thead><tbody><tr><td>01.12.2021<\/td><td>Fam. Volkhausen,<br>Sleperstr. 34<\/td><\/tr><tr><td>02.12.2021<\/td><td>Fam. Ludwig,<br>Sleperfeld 13<\/td><\/tr><tr><td>03.12.2021<\/td><td>Fam. Lex,<br>Dreihausener Weg 32<\/td><\/tr><tr><td>04.12.2021<\/td><td>Fam. Borchmann,<br>Kardinal-Jaeger-Str. 8<\/td><\/tr><tr><td>05.12.2021<\/td><td>Fam. Greve,<br>Wesehof 9<\/td><\/tr><tr><td>06.12.2021<\/td><td>Kita Sonnenhof,<br>Bergheimer Weg 24<\/td><\/tr><tr><td>07.12.2021<\/td><td>Fam. Becker,<br>Anton-Schade-Weg 12<\/td><\/tr><tr><td>08.12.2021 <\/td><td>Fam. R\u00f6wekamp,<br>Werdener Hof 34<\/td><\/tr><tr><td>09.12.2021 <\/td><td>Kommunionkinder,<br>Widukindstr. 4, Pfarrheim<\/td><\/tr><tr><td>10.12.2021 <\/td><td>Fam. Pahlke-Demmig,<br>Hugo-Bremer-Weg 8<\/td><\/tr><tr><td>11.12.2021 <\/td><td>Fam. Schumacher,<br>Bachumer Weg 43<\/td><\/tr><tr><td>12.12.2021 <\/td><td>Fam. Kuhle,<br>Lernakademie, Sleperstr. 20<\/td><\/tr><tr><td>13.12.2021 <\/td><td>Fam. Vollmers,<br>Werdener Hof 9<\/td><\/tr><tr><td>14.12.2021 <\/td><td>Fam. Br\u00fcser,<br>Wesehof 14<\/td><\/tr><tr><td>15.12.2021 <\/td><td>Fam. Zens,<br>Iringweg 4<\/td><\/tr><tr><td>16.12.2021 <\/td><td>Fam. Paltzer-Hartmann,<br>Am H\u00f6llenberg 17 (Bachum)<\/td><\/tr><tr><td>17.12.2021 <\/td><td>Fam. Keweloh,<br>Wesehof 21<\/td><\/tr><tr><td>18.12.2021<\/td><td>Fam. H\u00f6flich,<br>Bachumer Weg 67<\/td><\/tr><tr><td>19.12.2021<\/td><td>Fam. Schwarz,<br>Albertweg 18<\/td><\/tr><tr><td>20.12.2021<\/td><td>Fam. Hieronymus,<br>Kardinal-Jaeger-Str. 10a<\/td><\/tr><tr><td>21.12.2021<\/td><td>GS Bergheim Sep b Rabenklasse,<br>Marienstr. 1<\/td><\/tr><tr><td>22.12.2021<\/td><td>Fam. Vedder,<br>Kardinal-Jaeger-Str. 19<\/td><\/tr><tr><td>23.12.2021<\/td><td>Fam. Wiggerich,<br>Werdener Hof 39<\/td><\/tr><tr><td>24.12.2021<\/td><td>Kl\u00e4ppchenlauf, 2G-Regel,<br>St. Joseph-Kirche (11.00 Uhr)<\/td><\/tr><tr><td>24.12.2021 <\/td><td>Kita Sonnenhof,<br>St. Joseph-Kirche (15.00 Uhr)<\/td><\/tr><\/tbody><\/table><\/figure>\n\n\n\n<figure class=\"wp-block-image size-large is-style-rounded is-style-rounded--12\"><img loading=\"lazy\" decoding=\"async\" width=\"576\" height=\"1024\" src=\"https:\/\/adventsfenster.auf-bergheim.de\/wp-content\/uploads\/2021\/12\/2021-1-576x1024.jpg\" alt=\"\" class=\"wp-image-44\" srcset=\"https:\/\/adventsfenster.auf-bergheim.de\/wp-content\/uploads\/2021\/12\/2021-1-576x1024.jpg 576w, https:\/\/adventsfenster.auf-bergheim.de\/wp-content\/uploads\/2021\/12\/2021-1-169x300.jpg 169w, https:\/\/adventsfenster.auf-bergheim.de\/wp-content\/uploads\/2021\/12\/2021-1-768x1365.jpg 768w, https:\/\/adventsfenster.auf-bergheim.de\/wp-content\/uploads\/2021\/12\/2021-1-864x1536.jpg 864w, https:\/\/adventsfenster.auf-bergheim.de\/wp-content\/uploads\/2021\/12\/2021-1-1152x2048.jpg 1152w, https:\/\/adventsfenster.auf-bergheim.de\/wp-content\/uploads\/2021\/12\/2021-1-1568x2788.jpg 1568w, https:\/\/adventsfenster.auf-bergheim.de\/wp-content\/uploads\/2021\/12\/2021-1-scaled.jpg 1440w\" sizes=\"auto, (max-width: 576px) 100vw, 576px\" \/><figcaption class=\"wp-element-caption\">Fenster Nr. 1<\/figcaption><\/figure>\n\n\n\n<figure class=\"wp-block-image size-large\"><img loading=\"lazy\" decoding=\"async\" width=\"1024\" height=\"768\" src=\"https:\/\/adventsfenster.auf-bergheim.de\/wp-content\/uploads\/2021\/12\/2021-02-1024x768.jpg\" alt=\"\" class=\"wp-image-49\" srcset=\"https:\/\/adventsfenster.auf-bergheim.de\/wp-content\/uploads\/2021\/12\/2021-02-1024x768.jpg 1024w, https:\/\/adventsfenster.auf-bergheim.de\/wp-content\/uploads\/2021\/12\/2021-02-300x225.jpg 300w, https:\/\/adventsfenster.auf-bergheim.de\/wp-content\/uploads\/2021\/12\/2021-02-768x576.jpg 768w, https:\/\/adventsfenster.auf-bergheim.de\/wp-content\/uploads\/2021\/12\/2021-02-1536x1152.jpg 1536w, https:\/\/adventsfenster.auf-bergheim.de\/wp-content\/uploads\/2021\/12\/2021-02-1568x1176.jpg 1568w, https:\/\/adventsfenster.auf-bergheim.de\/wp-content\/uploads\/2021\/12\/2021-02.jpg 2048w\" sizes=\"auto, (max-width: 1024px) 100vw, 1024px\" \/><figcaption class=\"wp-element-caption\">Fenster Nr. 2<\/figcaption><\/figure>\n\n\n\n<figure class=\"wp-block-image size-full is-style-rounded is-style-rounded--13\"><img loading=\"lazy\" decoding=\"async\" width=\"758\" height=\"916\" src=\"https:\/\/adventsfenster.auf-bergheim.de\/wp-content\/uploads\/2021\/12\/2021-03.jpg\" alt=\"\" class=\"wp-image-51\" srcset=\"https:\/\/adventsfenster.auf-bergheim.de\/wp-content\/uploads\/2021\/12\/2021-03.jpg 758w, https:\/\/adventsfenster.auf-bergheim.de\/wp-content\/uploads\/2021\/12\/2021-03-248x300.jpg 248w\" sizes=\"auto, (max-width: 758px) 100vw, 758px\" \/><figcaption class=\"wp-element-caption\">Fenster Nr. 3 <\/figcaption><\/figure>\n\n\n\n<figure class=\"wp-block-image size-large is-style-default\"><img loading=\"lazy\" decoding=\"async\" width=\"832\" height=\"1024\" src=\"https:\/\/adventsfenster.auf-bergheim.de\/wp-content\/uploads\/2021\/12\/2021-04-1-832x1024.jpg\" alt=\"\" class=\"wp-image-48\" srcset=\"https:\/\/adventsfenster.auf-bergheim.de\/wp-content\/uploads\/2021\/12\/2021-04-1-832x1024.jpg 832w, https:\/\/adventsfenster.auf-bergheim.de\/wp-content\/uploads\/2021\/12\/2021-04-1-244x300.jpg 244w, https:\/\/adventsfenster.auf-bergheim.de\/wp-content\/uploads\/2021\/12\/2021-04-1-768x946.jpg 768w, https:\/\/adventsfenster.auf-bergheim.de\/wp-content\/uploads\/2021\/12\/2021-04-1-1248x1536.jpg 1248w, https:\/\/adventsfenster.auf-bergheim.de\/wp-content\/uploads\/2021\/12\/2021-04-1-1663x2048.jpg 1663w, https:\/\/adventsfenster.auf-bergheim.de\/wp-content\/uploads\/2021\/12\/2021-04-1-1568x1930.jpg 1568w\" sizes=\"auto, (max-width: 832px) 100vw, 832px\" \/><figcaption class=\"wp-element-caption\">Fenster Nr. 4<\/figcaption><\/figure>\n\n\n\n<figure class=\"wp-block-gallery has-nested-images columns-default is-cropped wp-block-gallery-14 is-layout-flex wp-block-gallery-is-layout-flex\">\n<figure class=\"wp-block-image size-large\"><img loading=\"lazy\" decoding=\"async\" width=\"1024\" height=\"576\" data-id=\"41\" src=\"https:\/\/adventsfenster.auf-bergheim.de\/wp-content\/uploads\/2021\/12\/2021-5-1-1024x576.jpg\" alt=\"\" class=\"wp-image-41\" srcset=\"https:\/\/adventsfenster.auf-bergheim.de\/wp-content\/uploads\/2021\/12\/2021-5-1-1024x576.jpg 1024w, https:\/\/adventsfenster.auf-bergheim.de\/wp-content\/uploads\/2021\/12\/2021-5-1-300x169.jpg 300w, https:\/\/adventsfenster.auf-bergheim.de\/wp-content\/uploads\/2021\/12\/2021-5-1-768x432.jpg 768w, https:\/\/adventsfenster.auf-bergheim.de\/wp-content\/uploads\/2021\/12\/2021-5-1-1536x864.jpg 1536w, https:\/\/adventsfenster.auf-bergheim.de\/wp-content\/uploads\/2021\/12\/2021-5-1-2048x1152.jpg 2048w, https:\/\/adventsfenster.auf-bergheim.de\/wp-content\/uploads\/2021\/12\/2021-5-1-1568x882.jpg 1568w\" sizes=\"auto, (max-width: 1024px) 100vw, 1024px\" \/><\/figure>\n<figcaption class=\"blocks-gallery-caption wp-element-caption\">Fenster Nr. 5<\/figcaption><\/figure>\n\n\n\n<figure class=\"wp-block-image size-large is-style-rounded is-style-rounded--15\"><img loading=\"lazy\" decoding=\"async\" width=\"1024\" height=\"576\" src=\"https:\/\/adventsfenster.auf-bergheim.de\/wp-content\/uploads\/2021\/12\/2021-06-1024x576.jpg\" alt=\"\" class=\"wp-image-46\" srcset=\"https:\/\/adventsfenster.auf-bergheim.de\/wp-content\/uploads\/2021\/12\/2021-06-1024x576.jpg 1024w, https:\/\/adventsfenster.auf-bergheim.de\/wp-content\/uploads\/2021\/12\/2021-06-300x169.jpg 300w, https:\/\/adventsfenster.auf-bergheim.de\/wp-content\/uploads\/2021\/12\/2021-06-768x432.jpg 768w, https:\/\/adventsfenster.auf-bergheim.de\/wp-content\/uploads\/2021\/12\/2021-06-1536x864.jpg 1536w, https:\/\/adventsfenster.auf-bergheim.de\/wp-content\/uploads\/2021\/12\/2021-06-2048x1152.jpg 2048w, https:\/\/adventsfenster.auf-bergheim.de\/wp-content\/uploads\/2021\/12\/2021-06-1568x882.jpg 1568w\" sizes=\"auto, (max-width: 1024px) 100vw, 1024px\" \/><figcaption class=\"wp-element-caption\">Fenster Nr. 6<\/figcaption><\/figure>\n\n\n\n<figure class=\"wp-block-image size-large\"><img loading=\"lazy\" decoding=\"async\" width=\"768\" height=\"1024\" src=\"https:\/\/adventsfenster.auf-bergheim.de\/wp-content\/uploads\/2021\/12\/2021-07-768x1024.jpg\" alt=\"\" class=\"wp-image-58\" srcset=\"https:\/\/adventsfenster.auf-bergheim.de\/wp-content\/uploads\/2021\/12\/2021-07-768x1024.jpg 768w, https:\/\/adventsfenster.auf-bergheim.de\/wp-content\/uploads\/2021\/12\/2021-07-225x300.jpg 225w, https:\/\/adventsfenster.auf-bergheim.de\/wp-content\/uploads\/2021\/12\/2021-07-1152x1536.jpg 1152w, https:\/\/adventsfenster.auf-bergheim.de\/wp-content\/uploads\/2021\/12\/2021-07.jpg 1536w\" sizes=\"auto, (max-width: 768px) 100vw, 768px\" \/><figcaption class=\"wp-element-caption\">Fenster Nr. 7<\/figcaption><\/figure>\n\n\n\n<figure class=\"wp-block-image size-full\"><img loading=\"lazy\" decoding=\"async\" width=\"976\" height=\"691\" src=\"https:\/\/adventsfenster.auf-bergheim.de\/wp-content\/uploads\/2021\/12\/2021-08.jpg\" alt=\"\" class=\"wp-image-59\" srcset=\"https:\/\/adventsfenster.auf-bergheim.de\/wp-content\/uploads\/2021\/12\/2021-08.jpg 976w, https:\/\/adventsfenster.auf-bergheim.de\/wp-content\/uploads\/2021\/12\/2021-08-300x212.jpg 300w, https:\/\/adventsfenster.auf-bergheim.de\/wp-content\/uploads\/2021\/12\/2021-08-768x544.jpg 768w\" sizes=\"auto, (max-width: 976px) 100vw, 976px\" \/><figcaption class=\"wp-element-caption\">Fenster Nr. 8<\/figcaption><\/figure>\n\n\n\n<figure class=\"wp-block-image size-large\"><img loading=\"lazy\" decoding=\"async\" width=\"768\" height=\"1024\" src=\"https:\/\/adventsfenster.auf-bergheim.de\/wp-content\/uploads\/2021\/12\/2021-09-768x1024.jpg\" alt=\"\" class=\"wp-image-55\" srcset=\"https:\/\/adventsfenster.auf-bergheim.de\/wp-content\/uploads\/2021\/12\/2021-09-768x1024.jpg 768w, https:\/\/adventsfenster.auf-bergheim.de\/wp-content\/uploads\/2021\/12\/2021-09-225x300.jpg 225w, https:\/\/adventsfenster.auf-bergheim.de\/wp-content\/uploads\/2021\/12\/2021-09-1152x1536.jpg 1152w, https:\/\/adventsfenster.auf-bergheim.de\/wp-content\/uploads\/2021\/12\/2021-09-1536x2048.jpg 1536w, https:\/\/adventsfenster.auf-bergheim.de\/wp-content\/uploads\/2021\/12\/2021-09.jpg 1560w\" sizes=\"auto, (max-width: 768px) 100vw, 768px\" \/><figcaption class=\"wp-element-caption\">Fenster Nr. 9<\/figcaption><\/figure>\n\n\n\n<figure class=\"wp-block-image size-full is-style-rounded is-style-rounded--16\"><img loading=\"lazy\" decoding=\"async\" width=\"1024\" height=\"768\" src=\"https:\/\/adventsfenster.auf-bergheim.de\/wp-content\/uploads\/2021\/12\/2021-10.jpg\" alt=\"\" class=\"wp-image-61\" srcset=\"https:\/\/adventsfenster.auf-bergheim.de\/wp-content\/uploads\/2021\/12\/2021-10.jpg 1024w, https:\/\/adventsfenster.auf-bergheim.de\/wp-content\/uploads\/2021\/12\/2021-10-300x225.jpg 300w, https:\/\/adventsfenster.auf-bergheim.de\/wp-content\/uploads\/2021\/12\/2021-10-768x576.jpg 768w\" sizes=\"auto, (max-width: 1024px) 100vw, 1024px\" \/><figcaption class=\"wp-element-caption\">Fenster Nr. 10<\/figcaption><\/figure>\n\n\n\n<figure class=\"wp-block-image size-large is-style-rounded is-style-rounded--17\"><img loading=\"lazy\" decoding=\"async\" width=\"768\" height=\"1024\" src=\"https:\/\/adventsfenster.auf-bergheim.de\/wp-content\/uploads\/2021\/12\/2021-11-768x1024.jpg\" alt=\"\" class=\"wp-image-56\" srcset=\"https:\/\/adventsfenster.auf-bergheim.de\/wp-content\/uploads\/2021\/12\/2021-11-768x1024.jpg 768w, https:\/\/adventsfenster.auf-bergheim.de\/wp-content\/uploads\/2021\/12\/2021-11-225x300.jpg 225w, https:\/\/adventsfenster.auf-bergheim.de\/wp-content\/uploads\/2021\/12\/2021-11-1152x1536.jpg 1152w, https:\/\/adventsfenster.auf-bergheim.de\/wp-content\/uploads\/2021\/12\/2021-11-1536x2048.jpg 1536w, https:\/\/adventsfenster.auf-bergheim.de\/wp-content\/uploads\/2021\/12\/2021-11.jpg 1560w\" sizes=\"auto, (max-width: 768px) 100vw, 768px\" \/><figcaption class=\"wp-element-caption\">Fenster Nr. 11<\/figcaption><\/figure>\n\n\n\n<figure class=\"wp-block-image size-large\"><img loading=\"lazy\" decoding=\"async\" width=\"1024\" height=\"768\" src=\"https:\/\/adventsfenster.auf-bergheim.de\/wp-content\/uploads\/2021\/12\/2021-12-1024x768.jpg\" alt=\"\" class=\"wp-image-57\" srcset=\"https:\/\/adventsfenster.auf-bergheim.de\/wp-content\/uploads\/2021\/12\/2021-12-1024x768.jpg 1024w, https:\/\/adventsfenster.auf-bergheim.de\/wp-content\/uploads\/2021\/12\/2021-12-300x225.jpg 300w, https:\/\/adventsfenster.auf-bergheim.de\/wp-content\/uploads\/2021\/12\/2021-12-768x576.jpg 768w, https:\/\/adventsfenster.auf-bergheim.de\/wp-content\/uploads\/2021\/12\/2021-12-1536x1152.jpg 1536w, https:\/\/adventsfenster.auf-bergheim.de\/wp-content\/uploads\/2021\/12\/2021-12-2048x1536.jpg 2048w, https:\/\/adventsfenster.auf-bergheim.de\/wp-content\/uploads\/2021\/12\/2021-12-1568x1176.jpg 1568w\" sizes=\"auto, (max-width: 1024px) 100vw, 1024px\" \/><figcaption class=\"wp-element-caption\">Fenster Nr. 12<\/figcaption><\/figure>\n\n\n\n<figure class=\"wp-block-image size-large is-style-default\"><img loading=\"lazy\" decoding=\"async\" width=\"477\" height=\"1024\" src=\"https:\/\/adventsfenster.auf-bergheim.de\/wp-content\/uploads\/2021\/12\/2021-13-477x1024.jpg\" alt=\"\" class=\"wp-image-64\" srcset=\"https:\/\/adventsfenster.auf-bergheim.de\/wp-content\/uploads\/2021\/12\/2021-13-477x1024.jpg 477w, https:\/\/adventsfenster.auf-bergheim.de\/wp-content\/uploads\/2021\/12\/2021-13-140x300.jpg 140w, https:\/\/adventsfenster.auf-bergheim.de\/wp-content\/uploads\/2021\/12\/2021-13-716x1536.jpg 716w, https:\/\/adventsfenster.auf-bergheim.de\/wp-content\/uploads\/2021\/12\/2021-13.jpg 746w\" sizes=\"auto, (max-width: 477px) 100vw, 477px\" \/><figcaption class=\"wp-element-caption\">Fenster Nr. 13<\/figcaption><\/figure>\n\n\n\n<figure class=\"wp-block-image size-large is-style-rounded is-style-rounded--18\"><img loading=\"lazy\" decoding=\"async\" width=\"1024\" height=\"768\" src=\"https:\/\/adventsfenster.auf-bergheim.de\/wp-content\/uploads\/2021\/12\/2021-14-1024x768.jpg\" alt=\"\" class=\"wp-image-70\" srcset=\"https:\/\/adventsfenster.auf-bergheim.de\/wp-content\/uploads\/2021\/12\/2021-14-1024x768.jpg 1024w, https:\/\/adventsfenster.auf-bergheim.de\/wp-content\/uploads\/2021\/12\/2021-14-300x225.jpg 300w, https:\/\/adventsfenster.auf-bergheim.de\/wp-content\/uploads\/2021\/12\/2021-14-768x576.jpg 768w, https:\/\/adventsfenster.auf-bergheim.de\/wp-content\/uploads\/2021\/12\/2021-14-1536x1152.jpg 1536w, https:\/\/adventsfenster.auf-bergheim.de\/wp-content\/uploads\/2021\/12\/2021-14-1568x1176.jpg 1568w, https:\/\/adventsfenster.auf-bergheim.de\/wp-content\/uploads\/2021\/12\/2021-14.jpg 1824w\" sizes=\"auto, (max-width: 1024px) 100vw, 1024px\" \/><figcaption class=\"wp-element-caption\">Fenster Nr. 14<\/figcaption><\/figure>\n\n\n\n<figure class=\"wp-block-image size-large\"><img loading=\"lazy\" decoding=\"async\" width=\"768\" height=\"1024\" src=\"https:\/\/adventsfenster.auf-bergheim.de\/wp-content\/uploads\/2021\/12\/2021-15-768x1024.jpg\" alt=\"\" class=\"wp-image-75\" srcset=\"https:\/\/adventsfenster.auf-bergheim.de\/wp-content\/uploads\/2021\/12\/2021-15-768x1024.jpg 768w, https:\/\/adventsfenster.auf-bergheim.de\/wp-content\/uploads\/2021\/12\/2021-15-225x300.jpg 225w, https:\/\/adventsfenster.auf-bergheim.de\/wp-content\/uploads\/2021\/12\/2021-15-1152x1536.jpg 1152w, https:\/\/adventsfenster.auf-bergheim.de\/wp-content\/uploads\/2021\/12\/2021-15.jpg 1536w\" sizes=\"auto, (max-width: 768px) 100vw, 768px\" \/><figcaption class=\"wp-element-caption\">Fenster Nr. 15<\/figcaption><\/figure>\n\n\n\n<figure class=\"wp-block-image size-large\"><img loading=\"lazy\" decoding=\"async\" width=\"549\" height=\"1024\" src=\"https:\/\/adventsfenster.auf-bergheim.de\/wp-content\/uploads\/2021\/12\/2021-16-549x1024.jpg\" alt=\"\" class=\"wp-image-76\" srcset=\"https:\/\/adventsfenster.auf-bergheim.de\/wp-content\/uploads\/2021\/12\/2021-16-549x1024.jpg 549w, https:\/\/adventsfenster.auf-bergheim.de\/wp-content\/uploads\/2021\/12\/2021-16-161x300.jpg 161w, https:\/\/adventsfenster.auf-bergheim.de\/wp-content\/uploads\/2021\/12\/2021-16-768x1434.jpg 768w, https:\/\/adventsfenster.auf-bergheim.de\/wp-content\/uploads\/2021\/12\/2021-16-823x1536.jpg 823w, https:\/\/adventsfenster.auf-bergheim.de\/wp-content\/uploads\/2021\/12\/2021-16.jpg 960w\" sizes=\"auto, (max-width: 549px) 100vw, 549px\" \/><figcaption class=\"wp-element-caption\">Fenster Nr. 16<\/figcaption><\/figure>\n\n\n\n<figure class=\"wp-block-image size-full is-style-rounded is-style-rounded--19\"><img loading=\"lazy\" decoding=\"async\" width=\"720\" height=\"951\" src=\"https:\/\/adventsfenster.auf-bergheim.de\/wp-content\/uploads\/2021\/12\/2021-17.jpg\" alt=\"\" class=\"wp-image-78\" srcset=\"https:\/\/adventsfenster.auf-bergheim.de\/wp-content\/uploads\/2021\/12\/2021-17.jpg 720w, https:\/\/adventsfenster.auf-bergheim.de\/wp-content\/uploads\/2021\/12\/2021-17-227x300.jpg 227w\" sizes=\"auto, (max-width: 720px) 100vw, 720px\" \/><figcaption class=\"wp-element-caption\">Fenster Nr. 17<\/figcaption><\/figure>\n\n\n\n<figure class=\"wp-block-image size-large is-style-rounded is-style-rounded--20\"><img loading=\"lazy\" decoding=\"async\" width=\"768\" height=\"1024\" src=\"https:\/\/adventsfenster.auf-bergheim.de\/wp-content\/uploads\/2021\/12\/2021-18-768x1024.jpg\" alt=\"\" class=\"wp-image-80\" srcset=\"https:\/\/adventsfenster.auf-bergheim.de\/wp-content\/uploads\/2021\/12\/2021-18-768x1024.jpg 768w, https:\/\/adventsfenster.auf-bergheim.de\/wp-content\/uploads\/2021\/12\/2021-18-225x300.jpg 225w, https:\/\/adventsfenster.auf-bergheim.de\/wp-content\/uploads\/2021\/12\/2021-18-1152x1536.jpg 1152w, https:\/\/adventsfenster.auf-bergheim.de\/wp-content\/uploads\/2021\/12\/2021-18.jpg 1200w\" sizes=\"auto, (max-width: 768px) 100vw, 768px\" \/><figcaption class=\"wp-element-caption\">Fenster Nr. 18<\/figcaption><\/figure>\n\n\n\n<figure class=\"wp-block-image size-large is-style-rounded is-style-rounded--21\"><img loading=\"lazy\" decoding=\"async\" width=\"845\" height=\"1024\" src=\"https:\/\/adventsfenster.auf-bergheim.de\/wp-content\/uploads\/2021\/12\/2021-19-845x1024.jpg\" alt=\"\" class=\"wp-image-92\" srcset=\"https:\/\/adventsfenster.auf-bergheim.de\/wp-content\/uploads\/2021\/12\/2021-19-845x1024.jpg 845w, https:\/\/adventsfenster.auf-bergheim.de\/wp-content\/uploads\/2021\/12\/2021-19-247x300.jpg 247w, https:\/\/adventsfenster.auf-bergheim.de\/wp-content\/uploads\/2021\/12\/2021-19-768x931.jpg 768w, https:\/\/adventsfenster.auf-bergheim.de\/wp-content\/uploads\/2021\/12\/2021-19.jpg 1037w\" sizes=\"auto, (max-width: 845px) 100vw, 845px\" \/><figcaption class=\"wp-element-caption\">Fenster Nr. 19<\/figcaption><\/figure>\n\n\n\n<figure class=\"wp-block-image size-large is-style-rounded is-style-rounded--22\"><img loading=\"lazy\" decoding=\"async\" width=\"768\" height=\"1024\" src=\"https:\/\/adventsfenster.auf-bergheim.de\/wp-content\/uploads\/2021\/12\/2021-20-768x1024.jpg\" alt=\"\" class=\"wp-image-88\" srcset=\"https:\/\/adventsfenster.auf-bergheim.de\/wp-content\/uploads\/2021\/12\/2021-20-768x1024.jpg 768w, https:\/\/adventsfenster.auf-bergheim.de\/wp-content\/uploads\/2021\/12\/2021-20-225x300.jpg 225w, https:\/\/adventsfenster.auf-bergheim.de\/wp-content\/uploads\/2021\/12\/2021-20-1152x1536.jpg 1152w, https:\/\/adventsfenster.auf-bergheim.de\/wp-content\/uploads\/2021\/12\/2021-20-1536x2048.jpg 1536w, https:\/\/adventsfenster.auf-bergheim.de\/wp-content\/uploads\/2021\/12\/2021-20-1568x2091.jpg 1568w, https:\/\/adventsfenster.auf-bergheim.de\/wp-content\/uploads\/2021\/12\/2021-20-scaled.jpg 1920w\" sizes=\"auto, (max-width: 768px) 100vw, 768px\" \/><figcaption class=\"wp-element-caption\">Fenster Nr.  20<\/figcaption><\/figure>\n\n\n\n<figure class=\"wp-block-image size-large\"><img loading=\"lazy\" decoding=\"async\" width=\"1024\" height=\"576\" src=\"https:\/\/adventsfenster.auf-bergheim.de\/wp-content\/uploads\/2021\/12\/2021-21-1024x576.jpg\" alt=\"\" class=\"wp-image-86\" srcset=\"https:\/\/adventsfenster.auf-bergheim.de\/wp-content\/uploads\/2021\/12\/2021-21-1024x576.jpg 1024w, https:\/\/adventsfenster.auf-bergheim.de\/wp-content\/uploads\/2021\/12\/2021-21-300x169.jpg 300w, https:\/\/adventsfenster.auf-bergheim.de\/wp-content\/uploads\/2021\/12\/2021-21-768x432.jpg 768w, https:\/\/adventsfenster.auf-bergheim.de\/wp-content\/uploads\/2021\/12\/2021-21-1536x864.jpg 1536w, https:\/\/adventsfenster.auf-bergheim.de\/wp-content\/uploads\/2021\/12\/2021-21-2048x1152.jpg 2048w, https:\/\/adventsfenster.auf-bergheim.de\/wp-content\/uploads\/2021\/12\/2021-21-1568x882.jpg 1568w\" sizes=\"auto, (max-width: 1024px) 100vw, 1024px\" \/><figcaption class=\"wp-element-caption\">Fenster Nr. 21<\/figcaption><\/figure>\n\n\n\n<figure class=\"wp-block-image size-large\"><img loading=\"lazy\" decoding=\"async\" width=\"941\" height=\"1024\" src=\"https:\/\/adventsfenster.auf-bergheim.de\/wp-content\/uploads\/2021\/12\/2021-22-941x1024.jpg\" alt=\"\" class=\"wp-image-97\" srcset=\"https:\/\/adventsfenster.auf-bergheim.de\/wp-content\/uploads\/2021\/12\/2021-22-941x1024.jpg 941w, https:\/\/adventsfenster.auf-bergheim.de\/wp-content\/uploads\/2021\/12\/2021-22-276x300.jpg 276w, https:\/\/adventsfenster.auf-bergheim.de\/wp-content\/uploads\/2021\/12\/2021-22-768x836.jpg 768w, https:\/\/adventsfenster.auf-bergheim.de\/wp-content\/uploads\/2021\/12\/2021-22-1412x1536.jpg 1412w, https:\/\/adventsfenster.auf-bergheim.de\/wp-content\/uploads\/2021\/12\/2021-22-1882x2048.jpg 1882w, https:\/\/adventsfenster.auf-bergheim.de\/wp-content\/uploads\/2021\/12\/2021-22-1568x1706.jpg 1568w\" sizes=\"auto, (max-width: 941px) 100vw, 941px\" \/><figcaption class=\"wp-element-caption\">Fenster Nr. 22<\/figcaption><\/figure>\n\n\n\n<figure class=\"wp-block-image size-full\"><img loading=\"lazy\" decoding=\"async\" width=\"750\" height=\"923\" src=\"https:\/\/adventsfenster.auf-bergheim.de\/wp-content\/uploads\/2021\/12\/2021-23-1.jpg\" alt=\"\" class=\"wp-image-103\" srcset=\"https:\/\/adventsfenster.auf-bergheim.de\/wp-content\/uploads\/2021\/12\/2021-23-1.jpg 750w, https:\/\/adventsfenster.auf-bergheim.de\/wp-content\/uploads\/2021\/12\/2021-23-1-244x300.jpg 244w\" sizes=\"auto, (max-width: 750px) 100vw, 750px\" \/><figcaption class=\"wp-element-caption\">Fenster Nr. 23<\/figcaption><\/figure>\n\n\n\n<figure class=\"wp-block-image size-large\"><img loading=\"lazy\" decoding=\"async\" width=\"1024\" height=\"768\" src=\"https:\/\/adventsfenster.auf-bergheim.de\/wp-content\/uploads\/2021\/12\/2021-24-1024x768.jpg\" alt=\"\" class=\"wp-image-106\" srcset=\"https:\/\/adventsfenster.auf-bergheim.de\/wp-content\/uploads\/2021\/12\/2021-24-1024x768.jpg 1024w, https:\/\/adventsfenster.auf-bergheim.de\/wp-content\/uploads\/2021\/12\/2021-24-300x225.jpg 300w, https:\/\/adventsfenster.auf-bergheim.de\/wp-content\/uploads\/2021\/12\/2021-24-768x576.jpg 768w, https:\/\/adventsfenster.auf-bergheim.de\/wp-content\/uploads\/2021\/12\/2021-24-1536x1152.jpg 1536w, https:\/\/adventsfenster.auf-bergheim.de\/wp-content\/uploads\/2021\/12\/2021-24-2048x1536.jpg 2048w, https:\/\/adventsfenster.auf-bergheim.de\/wp-content\/uploads\/2021\/12\/2021-24-1568x1176.jpg 1568w\" sizes=\"auto, (max-width: 1024px) 100vw, 1024px\" \/><figcaption class=\"wp-element-caption\">Fenster Nr. 24<\/figcaption><\/figure>\n\n\n\n<p><\/p>\n\n\n\n\n\n<div class=\"wp-block-divi-layout\"><\/div>\n\n\n\n<div class=\"wp-block-divi-layout\"><\/div>\n\n\n\n<h2 class=\"wp-block-heading\"><\/h2>\n<\/div>\n\n\n<div class=\"wp-block-divi-layout\"><\/div>\n\n\n\n<div class=\"wp-block-divi-layout\"><\/div>\n\n\n\n<h2 class=\"wp-block-heading\"><\/h2>\n","protected":false},"excerpt":{"rendered":"<p>Wir m\u00fcssen unseren &#8222;Lebendigen Adventskalender auf Bergheim&#8220; in diesem Jahr coronabedingt leider wieder ausfallen lassen. Die beteiligten Familien schm\u00fccken jedoch ihr Fenster an den jeweiligen Terminen. Jeder ist eingeladen, sich die Fenster im Laufe des Advents anzusehen. Alle Beteiligten w\u00fcrden sich dar\u00fcber freuen. Wir w\u00fcnschen allen eine besinnliche Adventszeit. Claudia &amp; Marietheres Die Bilder der [&hellip;]<\/p>\n","protected":false},"author":1,"featured_media":0,"parent":0,"menu_order":-4,"comment_status":"closed","ping_status":"closed","template":"","meta":{"footnotes":""},"class_list":["post-22","page","type-page","status-publish","hentry"],"_links":{"self":[{"href":"https:\/\/adventsfenster.auf-bergheim.de\/index.php?rest_route=\/wp\/v2\/pages\/22","targetHints":{"allow":["GET"]}}],"collection":[{"href":"https:\/\/adventsfenster.auf-bergheim.de\/index.php?rest_route=\/wp\/v2\/pages"}],"about":[{"href":"https:\/\/adventsfenster.auf-bergheim.de\/index.php?rest_route=\/wp\/v2\/types\/page"}],"author":[{"embeddable":true,"href":"https:\/\/adventsfenster.auf-bergheim.de\/index.php?rest_route=\/wp\/v2\/users\/1"}],"replies":[{"embeddable":true,"href":"https:\/\/adventsfenster.auf-bergheim.de\/index.php?rest_route=%2Fwp%2Fv2%2Fcomments&post=22"}],"version-history":[{"count":38,"href":"https:\/\/adventsfenster.auf-bergheim.de\/index.php?rest_route=\/wp\/v2\/pages\/22\/revisions"}],"predecessor-version":[{"id":262,"href":"https:\/\/adventsfenster.auf-bergheim.de\/index.php?rest_route=\/wp\/v2\/pages\/22\/revisions\/262"}],"wp:attachment":[{"href":"https:\/\/adventsfenster.auf-bergheim.de\/index.php?rest_route=%2Fwp%2Fv2%2Fmedia&parent=22"}],"curies":[{"name":"wp","href":"https:\/\/api.w.org\/{rel}","templated":true}]}}